{"id":1351,"date":"2020-04-19T22:26:01","date_gmt":"2020-04-19T20:26:01","guid":{"rendered":"https:\/\/www.cortemerina.it\/?page_id=1351"},"modified":"2023-04-06T09:02:02","modified_gmt":"2023-04-06T07:02:02","slug":"val-grande-et-territoire","status":"publish","type":"page","link":"https:\/\/www.cortemerina.it\/fr\/val-grande-et-territoire\/","title":{"rendered":"TERRITOIRE DU VAL GRANDE"},"content":{"rendered":"\n<div class=\"wp-block-cover is-light\"><span aria-hidden=\"true\" class=\"wp-block-cover__background has-bianco-background-color has-background-dim-0 has-background-dim\"><\/span><img loading=\"lazy\" decoding=\"async\" width=\"1200\" height=\"900\" class=\"wp-block-cover__image-background wp-image-158\" alt=\"\" src=\"https:\/\/www.cortemerina.it\/wp-content\/uploads\/2020\/02\/cortemerina-foto1-home.jpg\" style=\"object-position:50% 0%\" data-object-fit=\"cover\" data-object-position=\"50% 0%\" srcset=\"https:\/\/www.cortemerina.it\/wp-content\/uploads\/2020\/02\/cortemerina-foto1-home.jpg 1200w, https:\/\/www.cortemerina.it\/wp-content\/uploads\/2020\/02\/cortemerina-foto1-home-300x225.jpg 300w, https:\/\/www.cortemerina.it\/wp-content\/uploads\/2020\/02\/cortemerina-foto1-home-1024x768.jpg 1024w, https:\/\/www.cortemerina.it\/wp-content\/uploads\/2020\/02\/cortemerina-foto1-home-768x576.jpg 768w\" sizes=\"(max-width: 1200px) 100vw, 1200px\" \/><div class=\"wp-block-cover__inner-container is-layout-flow wp-block-cover-is-layout-flow\">\n<div style=\"height:20px\" aria-hidden=\"true\" class=\"wp-block-spacer\"><\/div>\n\n\n\n<p class=\"animated slideInLeft has-verdone-color has-text-color\" style=\"font-size:34px\"><strong><span class=\"has-inline-color has-verdone-color\">La r\u00e9gion des lacs, des montagnes et du parc<\/span><\/strong><\/p>\n\n\n\n<div style=\"height:46px\" aria-hidden=\"true\" class=\"wp-block-spacer\"><\/div>\n\n\n\n<h2 class=\"animated zoomIn has-text-color wp-block-heading\" style=\"color:#000000\">Le Parc National du Val Grande<\/h2>\n\n\n\n<p class=\"has-nero-color has-text-color\"><br><span class=\"has-inline-color has-nero-color\">Le Val Grande, un territoire sauvage et accident\u00e9 enclav\u00e9 entre le Val d\u2019Ossola et la rive pi\u00e9montaise du lac Majeur, est aujourd\u2019hui une destination touristique reconnue depuis la cr\u00e9ation du Parc National, le parc naturel le plus sauvage d\u2019Italie et des Alpes. <\/span><br><br><span class=\"has-inline-color has-nero-color\">Le Parc et sa \u201cwilderness\u201d, sa nature riche et sauvage pour les randonn\u00e9es ou le trek. <\/span><br><span class=\"has-inline-color has-nero-color\">Les itin\u00e9raires sont vari\u00e9s : on peut emprunter les sentiers les plus difficiles accompagn\u00e9 d\u2019un guide local ou aller tranquillement \u00e0 la d\u00e9couverte de l\u2019histoire et des traditions des petits villages du Parc en suivant les parcours historiques et culturels. <\/span><br><span class=\"has-inline-color has-nero-color\">Excursions classiques pour les plus exp\u00e9riment\u00e9s : le passage de \u201cla Piana\u201d au coeur de la vall\u00e9e, la travers\u00e9e du Val Pogallo de Cicogna \u00e0 la vall\u00e9e de la Cannobine.<br>Le rendez-vous annuel avec le sentier Chiovini est une excursion qui permet la d\u00e9couverte d\u2019une nature vierge combin\u00e9e avec une le\u00e7on d\u2019histoire r\u00e9cente : le Val Grande, r\u00e9gion frontali\u00e8re, a v\u00e9cu les pages les plus sanglantes de la r\u00e9sistance pendant la Seconde Guerre mondiale. <\/span><\/p>\n\n\n\n<p class=\"has-text-color\" style=\"color:#000000\"><br><br><\/p>\n\n\n\n<h2 class=\"has-text-color wp-block-heading\" style=\"color:#000000\">Quelques itin\u00e9raires depuis Cicogna et ses environs<br><br><\/h2>\n\n\n\n<h3 class=\"has-nero-color has-text-color wp-block-heading\"><mark style=\"background-color:rgba(0, 0, 0, 0)\" class=\"has-inline-color has-nero-color\">sentiers natur<\/mark>e<br><br><\/h3>\n\n\n\n<p class=\"has-nero-color has-text-color\"><strong><a href=\"http:\/\/www.parks.it\/parco.nazionale.valgrande\/Fiti_dettaglio.php?id_iti=261\" target=\"_blank\" rel=\"noreferrer noopener\">LA CIVILISATION DE LA FATIGUE<\/a><br><a href=\"http:\/\/www.parks.it\/parco.nazionale.valgrande\/Fiti_dettaglio.php?id_iti=262\" target=\"_blank\" rel=\"noreferrer noopener\">UNE HISTOIRE D\u2019EAU<\/a><br><a href=\"http:\/\/www.parks.it\/parco.nazionale.valgrande\/Fiti_dettaglio.php?id_iti=2705\" target=\"_blank\" rel=\"noreferrer noopener\">L\u2019ANCIENNE ROUTE COSSOGNO-CICOGNA<\/a><br><a href=\"http:\/\/www.parcovalgrande.it\/percorsi_dettaglio.php?id_iti=261\" target=\"_blank\" rel=\"noreferrer noopener\">LA BOUCLE DE VELINA <\/a><br><a href=\"http:\/\/www.parks.it\/parco.nazionale.valgrande\/Fiti_dettaglio.php?id_iti=2710\" target=\"_blank\" rel=\"noreferrer noopener\">PIAN CAVALLONE<\/a><br><a href=\"http:\/\/www.parks.it\/parco.nazionale.valgrande\/Fiti_dettaglio.php?id_iti=260\" target=\"_blank\" rel=\"noreferrer noopener\">L\u2019HOMME ARBRE<\/a><\/strong><br><br><\/p>\n\n\n\n<h3 class=\"has-nero-color has-text-color wp-block-heading\"><mark style=\"background-color:rgba(0, 0, 0, 0)\" class=\"has-inline-color has-nero-color\">travers\u00e9es de la vall\u00e9e<\/mark><br><br><\/h3>\n\n\n\n<p class=\"has-text-color\" style=\"color:#000000\"><strong><a href=\"http:\/\/www.parks.it\/parco.nazionale.valgrande\/Fiti_dettaglio.php?id_iti=254\">Travers\u00e9e d<\/a><a href=\"http:\/\/www.parks.it\/parco.nazionale.valgrande\/Fiti_dettaglio.php?id_iti=254\" target=\"_blank\" rel=\"noreferrer noopener\">e Malesco \u00e0 Colloro<\/a><br><a href=\"http:\/\/www.parks.it\/parco.nazionale.valgrande\/Fiti_dettaglio.php?id_iti=2719\">Travers\u00e9e de Cicogna \u00e0 Finero<\/a><br><\/strong><br><br><\/p>\n<\/div><\/div>\n\n\n\n<div class=\"wp-block-cover is-light\" style=\"min-height:550px;aspect-ratio:unset;\"><span aria-hidden=\"true\" class=\"wp-block-cover__background has-background-dim-100 has-background-dim\" style=\"background-color:#ffffff\"><\/span><div class=\"wp-block-cover__inner-container is-layout-flow wp-block-cover-is-layout-flow\">\n<div style=\"height:20px\" aria-hidden=\"true\" class=\"wp-block-spacer\"><\/div>\n\n\n\n<figure class=\"wp-block-gallery has-nested-images columns-default is-cropped animated fadeInUp wp-block-gallery-1 is-layout-flex wp-block-gallery-is-layout-flex\">\n<figure class=\"wp-block-image size-large\"><a href=\"https:\/\/www.cortemerina.it\/wp-content\/uploads\/2020\/02\/cortemerina-valgrande-2.jpg\"><img loading=\"lazy\" decoding=\"async\" width=\"1024\" height=\"768\" src=\"https:\/\/www.cortemerina.it\/wp-content\/uploads\/2020\/02\/cortemerina-valgrande-2-1024x768.jpg\" alt=\"\" class=\"wp-image-743\" srcset=\"https:\/\/www.cortemerina.it\/wp-content\/uploads\/2020\/02\/cortemerina-valgrande-2-1024x768.jpg 1024w, https:\/\/www.cortemerina.it\/wp-content\/uploads\/2020\/02\/cortemerina-valgrande-2-300x225.jpg 300w, https:\/\/www.cortemerina.it\/wp-content\/uploads\/2020\/02\/cortemerina-valgrande-2-768x576.jpg 768w, https:\/\/www.cortemerina.it\/wp-content\/uploads\/2020\/02\/cortemerina-valgrande-2.jpg 1200w\" sizes=\"(max-width: 1024px) 100vw, 1024px\" \/><\/a><\/figure>\n\n\n\n<figure class=\"wp-block-image size-large\"><a href=\"https:\/\/www.cortemerina.it\/wp-content\/uploads\/2020\/02\/cortemerina-valgrande-3.jpg\"><img loading=\"lazy\" decoding=\"async\" width=\"1024\" height=\"768\" src=\"https:\/\/www.cortemerina.it\/wp-content\/uploads\/2020\/02\/cortemerina-valgrande-3-1024x768.jpg\" alt=\"\" class=\"wp-image-747\" srcset=\"https:\/\/www.cortemerina.it\/wp-content\/uploads\/2020\/02\/cortemerina-valgrande-3-1024x768.jpg 1024w, https:\/\/www.cortemerina.it\/wp-content\/uploads\/2020\/02\/cortemerina-valgrande-3-300x225.jpg 300w, https:\/\/www.cortemerina.it\/wp-content\/uploads\/2020\/02\/cortemerina-valgrande-3-768x576.jpg 768w, https:\/\/www.cortemerina.it\/wp-content\/uploads\/2020\/02\/cortemerina-valgrande-3.jpg 1200w\" sizes=\"(max-width: 1024px) 100vw, 1024px\" \/><\/a><\/figure>\n\n\n\n<figure class=\"wp-block-image size-large\"><a href=\"https:\/\/www.cortemerina.it\/wp-content\/uploads\/2020\/02\/cortemerina-valgrande-1.jpg\"><img loading=\"lazy\" decoding=\"async\" width=\"1024\" height=\"768\" src=\"https:\/\/www.cortemerina.it\/wp-content\/uploads\/2020\/02\/cortemerina-valgrande-1-1024x768.jpg\" alt=\"\" class=\"wp-image-739\" srcset=\"https:\/\/www.cortemerina.it\/wp-content\/uploads\/2020\/02\/cortemerina-valgrande-1-1024x768.jpg 1024w, https:\/\/www.cortemerina.it\/wp-content\/uploads\/2020\/02\/cortemerina-valgrande-1-300x225.jpg 300w, https:\/\/www.cortemerina.it\/wp-content\/uploads\/2020\/02\/cortemerina-valgrande-1-768x576.jpg 768w, https:\/\/www.cortemerina.it\/wp-content\/uploads\/2020\/02\/cortemerina-valgrande-1.jpg 1200w\" sizes=\"(max-width: 1024px) 100vw, 1024px\" \/><\/a><\/figure>\n\n\n\n<figure class=\"wp-block-image size-large\"><a href=\"https:\/\/www.cortemerina.it\/wp-content\/uploads\/2020\/02\/cortemerina-valgrande-4.jpg\"><img loading=\"lazy\" decoding=\"async\" width=\"1024\" height=\"768\" src=\"https:\/\/www.cortemerina.it\/wp-content\/uploads\/2020\/02\/cortemerina-valgrande-4-1024x768.jpg\" alt=\"\" class=\"wp-image-751\" srcset=\"https:\/\/www.cortemerina.it\/wp-content\/uploads\/2020\/02\/cortemerina-valgrande-4-1024x768.jpg 1024w, https:\/\/www.cortemerina.it\/wp-content\/uploads\/2020\/02\/cortemerina-valgrande-4-300x225.jpg 300w, https:\/\/www.cortemerina.it\/wp-content\/uploads\/2020\/02\/cortemerina-valgrande-4-768x576.jpg 768w, https:\/\/www.cortemerina.it\/wp-content\/uploads\/2020\/02\/cortemerina-valgrande-4.jpg 1200w\" sizes=\"(max-width: 1024px) 100vw, 1024px\" \/><\/a><\/figure>\n\n\n\n<figure class=\"wp-block-image size-large\"><a href=\"https:\/\/www.cortemerina.it\/wp-content\/uploads\/2020\/02\/cortemerina-paesaggio13.jpg\"><img loading=\"lazy\" decoding=\"async\" width=\"1024\" height=\"768\" src=\"https:\/\/www.cortemerina.it\/wp-content\/uploads\/2020\/02\/cortemerina-paesaggio13-1024x768.jpg\" alt=\"\" class=\"wp-image-388\" srcset=\"https:\/\/www.cortemerina.it\/wp-content\/uploads\/2020\/02\/cortemerina-paesaggio13-1024x768.jpg 1024w, https:\/\/www.cortemerina.it\/wp-content\/uploads\/2020\/02\/cortemerina-paesaggio13-300x225.jpg 300w, https:\/\/www.cortemerina.it\/wp-content\/uploads\/2020\/02\/cortemerina-paesaggio13-768x576.jpg 768w, https:\/\/www.cortemerina.it\/wp-content\/uploads\/2020\/02\/cortemerina-paesaggio13.jpg 1200w\" sizes=\"(max-width: 1024px) 100vw, 1024px\" \/><\/a><\/figure>\n\n\n\n<figure class=\"wp-block-image size-large\"><a href=\"https:\/\/www.cortemerina.it\/wp-content\/uploads\/2020\/02\/cortemerina-valgrande-6.jpg\"><img loading=\"lazy\" decoding=\"async\" width=\"1024\" height=\"768\" src=\"https:\/\/www.cortemerina.it\/wp-content\/uploads\/2020\/02\/cortemerina-valgrande-6-1024x768.jpg\" alt=\"\" class=\"wp-image-759\" srcset=\"https:\/\/www.cortemerina.it\/wp-content\/uploads\/2020\/02\/cortemerina-valgrande-6-1024x768.jpg 1024w, https:\/\/www.cortemerina.it\/wp-content\/uploads\/2020\/02\/cortemerina-valgrande-6-300x225.jpg 300w, https:\/\/www.cortemerina.it\/wp-content\/uploads\/2020\/02\/cortemerina-valgrande-6-768x576.jpg 768w, https:\/\/www.cortemerina.it\/wp-content\/uploads\/2020\/02\/cortemerina-valgrande-6.jpg 1200w\" sizes=\"(max-width: 1024px) 100vw, 1024px\" \/><\/a><\/figure>\n<\/figure>\n\n\n\n<p><\/p>\n<\/div><\/div>\n\n\n\n<div class=\"wp-block-cover is-light has-parallax\" style=\"min-height:290px;aspect-ratio:unset;\"><span aria-hidden=\"true\" class=\"wp-block-cover__background has-bianco-background-color has-background-dim-0 has-background-dim\"><\/span><div role=\"img\" class=\"wp-block-cover__image-background wp-image-765 has-parallax\" style=\"background-position:50% 50%;background-image:url(https:\/\/www.cortemerina.it\/wp-content\/uploads\/2020\/02\/lago-maggiore.jpg)\"><\/div><div class=\"wp-block-cover__inner-container is-layout-flow wp-block-cover-is-layout-flow\">\n<h2 class=\"has-text-align-center animated zoomIn wp-block-heading\"><br><br><mark style=\"background-color:rgba(0, 0, 0, 0);color:#f9f9f9\" class=\"has-inline-color\">Le lac Majeur et les vall\u00e9es de l&#8217;Ossola<\/mark><br><br><\/h2>\n\n\n\n<p class=\"has-text-align-center has-bianco-color has-text-color\"><br>Etape obligatoire : le lac Majeur \u00e0 30mn de Cicogna en voiture.<br><br>Les sites touristiques incontournables sont les petites villes de Stresa, Verbania, Pallanza, le jardin botanique de Villa Taranto, le centre typique de la localit\u00e9 de Cannobio \u00e0 quelques encablures de la fronti\u00e8re suisse, les villas majestueuses et les jardins fleuris d\u2019Isola Bella et d\u2019Isola Madre.<br><br><br><br><br><br><br>Le territoire des lacs comprend \u00e9galement le lac de Mergozzo et le lac d\u2019Orta, petits fr\u00e8res du lac Majeur tout aussi beaux et \u00e9vocateurs. <br><br>Aux abords du lac, des dizaines de vall\u00e9es \u00e0 d\u00e9couvrir avec leurs villages typiques jusque vers les hautes vall\u00e9es de l\u2019Ossola comme Val Vigezzo et Val Formazza.<br><br><br>Nombreux itin\u00e9raires pour passionn\u00e9s de cyclotourisme : VTT et slow bike<br><br><br><br><br><\/p>\n<\/div><\/div>\n\n\n\n<div class=\"wp-block-cover is-light\"><span aria-hidden=\"true\" class=\"wp-block-cover__background has-background-dim-100 has-background-dim\" style=\"background-color:#ffffff\"><\/span><div class=\"wp-block-cover__inner-container is-layout-flow wp-block-cover-is-layout-flow\">\n<div style=\"height:39px\" aria-hidden=\"true\" class=\"wp-block-spacer\"><\/div>\n\n\n\n<figure class=\"wp-block-gallery has-nested-images columns-default is-cropped animated fadeInUp wp-block-gallery-2 is-layout-flex wp-block-gallery-is-layout-flex\">\n<figure class=\"wp-block-image\"><a href=\"https:\/\/www.cortemerina.it\/wp-content\/uploads\/2020\/02\/cortemerina-valgrande-lagomaggiore-1.jpg\"><img loading=\"lazy\" decoding=\"async\" width=\"225\" height=\"165\" src=\"https:\/\/www.cortemerina.it\/wp-content\/uploads\/2020\/02\/cortemerina-valgrande-lagomaggiore-1.jpg\" alt=\"\" class=\"wp-image-771\"\/><\/a><\/figure>\n\n\n\n<figure class=\"wp-block-image\"><a href=\"https:\/\/www.cortemerina.it\/wp-content\/uploads\/2020\/02\/cortemerina-valgrande-lagomaggiore-2.jpg\"><img loading=\"lazy\" decoding=\"async\" width=\"225\" height=\"165\" src=\"https:\/\/www.cortemerina.it\/wp-content\/uploads\/2020\/02\/cortemerina-valgrande-lagomaggiore-2.jpg\" alt=\"\" class=\"wp-image-775\"\/><\/a><\/figure>\n\n\n\n<figure class=\"wp-block-image\"><a href=\"https:\/\/www.cortemerina.it\/wp-content\/uploads\/2020\/02\/cortemerina-valgrande-lagomaggiore-3.jpg\"><img loading=\"lazy\" decoding=\"async\" width=\"225\" height=\"165\" src=\"https:\/\/www.cortemerina.it\/wp-content\/uploads\/2020\/02\/cortemerina-valgrande-lagomaggiore-3.jpg\" alt=\"\" class=\"wp-image-779\"\/><\/a><\/figure>\n\n\n\n<figure class=\"wp-block-image\"><a href=\"https:\/\/www.cortemerina.it\/wp-content\/uploads\/2020\/02\/cortemerina-valgrande-lagomaggiore-4.jpg\"><img loading=\"lazy\" decoding=\"async\" width=\"225\" height=\"165\" src=\"https:\/\/www.cortemerina.it\/wp-content\/uploads\/2020\/02\/cortemerina-valgrande-lagomaggiore-4.jpg\" alt=\"\" class=\"wp-image-783\"\/><\/a><\/figure>\n\n\n\n<figure class=\"wp-block-image size-full\"><a href=\"https:\/\/www.cortemerina.it\/wp-content\/uploads\/2023\/04\/mergozzo-cigno-x-sito.jpg\"><img loading=\"lazy\" decoding=\"async\" width=\"500\" height=\"360\" src=\"https:\/\/www.cortemerina.it\/wp-content\/uploads\/2023\/04\/mergozzo-cigno-x-sito.jpg\" alt=\"\" class=\"wp-image-4671\" srcset=\"https:\/\/www.cortemerina.it\/wp-content\/uploads\/2023\/04\/mergozzo-cigno-x-sito.jpg 500w, https:\/\/www.cortemerina.it\/wp-content\/uploads\/2023\/04\/mergozzo-cigno-x-sito-300x216.jpg 300w\" sizes=\"(max-width: 500px) 100vw, 500px\" \/><\/a><\/figure>\n\n\n\n<figure class=\"wp-block-image\"><a href=\"https:\/\/www.cortemerina.it\/wp-content\/uploads\/2020\/02\/cortemerina-valgrande-lagomaggiore-6.jpg\"><img loading=\"lazy\" decoding=\"async\" width=\"225\" height=\"165\" src=\"https:\/\/www.cortemerina.it\/wp-content\/uploads\/2020\/02\/cortemerina-valgrande-lagomaggiore-6.jpg\" alt=\"\" class=\"wp-image-791\"\/><\/a><\/figure>\n<\/figure>\n\n\n\n<div style=\"height:20px\" aria-hidden=\"true\" class=\"wp-block-spacer\"><\/div>\n\n\n\n<h2 class=\"has-text-color wp-block-heading\" style=\"color:#000000\">Lien<\/h2>\n\n\n\n<p class=\"has-text-color\" style=\"color:#000000\"><br><\/p>\n\n\n\n<p class=\"has-nero-color has-text-color\">Cette liste de sites \u00e0 visiter dans la r\u00e9gion \u00e9tant loin d\u2019\u00eatre exhaustive, nous la compl\u00e9terons en vous sugg\u00e9rant quelques liens<br><br><\/p>\n\n\n\n<div class=\"wp-block-columns is-layout-flex wp-container-core-columns-is-layout-1 wp-block-columns-is-layout-flex\">\n<div class=\"wp-block-column is-layout-flow wp-block-column-is-layout-flow\">\n<p class=\"has-text-color\" style=\"color:#000000\"><strong>Pour nous rejoindre<br><\/strong><br><a rel=\"noreferrer noopener\" aria-label=\"www.vcotrasporti.it (apre in una nuova scheda)\" href=\"http:\/\/www.vcotrasporti.it\" target=\"_blank\">www.vcotrasporti.it<\/a><br><a rel=\"noreferrer noopener\" aria-label=\"www.taxiverbania.com (apre in una nuova scheda)\" href=\"http:\/\/www.taxiverbania.com\" target=\"_blank\">www.taxiverbania.com<\/a><\/p>\n<\/div>\n\n\n\n<div class=\"wp-block-column is-layout-flow wp-block-column-is-layout-flow\">\n<p class=\"has-text-color\" style=\"color:#000000\"><strong>Pour info sur<br>tourisme et territoire:<br><\/strong><br><a rel=\"noreferrer noopener\" aria-label=\"www.lagomaggioreoutdoor.it (apre in una nuova scheda)\" href=\"http:\/\/www.lagomaggioreoutdoor.it\" target=\"_blank\">www.lagomaggioreoutdoor.it<\/a><br><a rel=\"noreferrer noopener\" aria-label=\"www.parcovalgrande.it (apre in una nuova scheda)\" href=\"http:\/\/www.parcovalgrande.it\" target=\"_blank\">www.parcovalgrande.it<\/a><br><a rel=\"noreferrer noopener\" aria-label=\"www.distrettolaghi.it (apre in una nuova scheda)\" href=\"http:\/\/www.distrettolaghi.it\" target=\"_blank\">www.distrettolaghi.it<\/a><br><a rel=\"noreferrer noopener\" aria-label=\"www.illagomaggiore.it (apre in una nuova scheda)\" href=\"http:\/\/www.illagomaggiore.it\" target=\"_blank\">www.illagomaggiore.it<\/a><br><a rel=\"noreferrer noopener\" aria-label=\"www.vigezzina.com (apre in una nuova scheda)\" href=\"http:\/\/www.vigezzina.com\" target=\"_blank\">www.vigezzina.com<\/a><\/p>\n<\/div>\n\n\n\n<div class=\"wp-block-column is-layout-flow wp-block-column-is-layout-flow\">\n<p class=\"has-text-color\" style=\"color:#000000\"><strong><br><\/strong><br><br><a href=\"http:\/\/www.in-valgrande.it\" target=\"_blank\" rel=\"noreferrer noopener\" aria-label=\"www.in-valgrande.it (apre in una nuova scheda)\">www.in-valgrande.it<\/a><br><a href=\"http:\/\/www.pontevelinavco.it\" target=\"_blank\" rel=\"noreferrer noopener\" aria-label=\"www.pontevelinavco.it (apre in una nuova scheda)\">www.pontevelinavco.it<\/a><br><a href=\"http:\/\/www.comune.cossogno.vb.it\" target=\"_blank\" rel=\"noreferrer noopener\" aria-label=\"www.comune.cossogno.vb.it (apre in una nuova scheda)\">www.comune.cossogno.vb.it<\/a><br><a href=\"http:\/\/www.navigazionelaghi.it\" target=\"_blank\" rel=\"noreferrer noopener\" aria-label=\"www.navigazionelaghi.it (apre in una nuova scheda)\">www.navigazionelaghi.it<\/a><\/p>\n<\/div>\n<\/div>\n<\/div><\/div>\n\n\n\n<div class=\"wp-block-cover is-light\"><span aria-hidden=\"true\" class=\"wp-block-cover__background has-background-dim-0 has-background-dim\" style=\"background-color:#ffffff\"><\/span><img loading=\"lazy\" decoding=\"async\" width=\"1200\" height=\"900\" class=\"wp-block-cover__image-background wp-image-2168\" alt=\"\" src=\"https:\/\/www.cortemerina.it\/wp-content\/uploads\/2020\/05\/corte-merina-foto-con-caprette-sotto5.jpg\" style=\"object-position:90% 97%\" data-object-fit=\"cover\" data-object-position=\"90% 97%\" srcset=\"https:\/\/www.cortemerina.it\/wp-content\/uploads\/2020\/05\/corte-merina-foto-con-caprette-sotto5.jpg 1200w, https:\/\/www.cortemerina.it\/wp-content\/uploads\/2020\/05\/corte-merina-foto-con-caprette-sotto5-300x225.jpg 300w, https:\/\/www.cortemerina.it\/wp-content\/uploads\/2020\/05\/corte-merina-foto-con-caprette-sotto5-1024x768.jpg 1024w, https:\/\/www.cortemerina.it\/wp-content\/uploads\/2020\/05\/corte-merina-foto-con-caprette-sotto5-768x576.jpg 768w\" sizes=\"(max-width: 1200px) 100vw, 1200px\" \/><div class=\"wp-block-cover__inner-container is-layout-flow wp-block-cover-is-layout-flow\">\n<div style=\"height:20px\" aria-hidden=\"true\" class=\"wp-block-spacer\"><\/div>\n\n\n\n<div class=\"wp-block-group animated zoomIn has-verdino-color has-verdino-background-color has-text-color has-background\"><div class=\"wp-block-group__inner-container is-layout-flow wp-block-group-is-layout-flow\">\n<div style=\"height:20px\" aria-hidden=\"true\" class=\"wp-block-spacer bg-verdone\"><\/div>\n\n\n\n<h2 class=\"has-text-align-center has-verdone-color has-text-color wp-block-heading\"><br><strong>VISITES GUID\u00c9ES DANS LE VAL GRANDE<\/strong><br><\/h2>\n\n\n\n<h4 class=\"has-text-align-center has-text-color wp-block-heading\" style=\"color:#000000\">Nous organisons des s\u00e9jours dans notre ferme <br>avec possibilit\u00e9 de visites guid\u00e9es en groupes<\/h4>\n\n\n\n<p class=\"has-text-align-center has-text-color\" style=\"color:#000000\"><br>Excursions de difficult\u00e9 faible et moyenne dans le Val Grande et le Val Pogallo, <br>propos\u00e9es par le guide ou sur demande du client.<br><\/p>\n\n\n\n<h3 class=\"has-text-align-center has-verdone-color has-text-color wp-block-heading\"><br>OFFRE DE SEJOUR :<\/h3>\n\n\n\n<p class=\"has-text-align-center has-text-color\" style=\"color:#000000\"><br>A l\u2019arriv\u00e9e \u00e0 la ferme : d\u00eener &#8211; nuit\u00e9e &#8211; petit-d\u00e9jeuner. <br>D\u00e9part pour l\u2019excursion avec panier-repas Dur\u00e9e de l\u2019excursion : <br>une journ\u00e9e ou plus suivant l\u2019itin\u00e9raire avec arr\u00eats dans les bivouacs du Parc.<br><br>&#8211; organiser et r\u00e9server au moins une semaine \u00e0 l\u2019avance<br>&#8211; en collaboration avec les guides locaux<br>&#8211; Participants : 5 personnes minimum<br><\/p>\n\n\n\n<div class=\"wp-block-group has-background\" style=\"background-color:#b9d08a\"><div class=\"wp-block-group__inner-container is-layout-flow wp-block-group-is-layout-flow\">\n<p class=\"has-text-align-center has-text-color\" style=\"color:#000000\"><br><strong><em>Nous contacter pour des devis personnalis\u00e9s<\/em><\/strong><br><br><\/p>\n\n\n\n<div class=\"wp-block-button aligncenter\"><a class=\"wp-block-button__link has-background wp-element-button\" href=\"https:\/\/www.cortemerina.it\/fr\/contact\/\" style=\"border-radius:12px;background-color:#38753b\">CONTACTEZ-NOUS<\/a><\/div>\n\n\n\n<div style=\"height:32px\" aria-hidden=\"true\" class=\"wp-block-spacer\"><\/div>\n<\/div><\/div>\n<\/div><\/div>\n\n\n\n<div style=\"height:90px\" aria-hidden=\"true\" class=\"wp-block-spacer\"><\/div>\n<\/div><\/div>\n","protected":false},"excerpt":{"rendered":"","protected":false},"author":1,"featured_media":1851,"parent":0,"menu_order":0,"comment_status":"closed","ping_status":"closed","template":"","meta":{"_acf_changed":false,"footnotes":""},"acf":{"photo_gallery":{"gallery_custom_1":[[]],"gallery_custom_2":[[],[]],"gallery_custom_3":[[],[],[]],"gallery_custom_4":[[],[],[],[]],"gallery_custom_5":[[],[],[],[],[]],"background_image_gallery":[[],[],[],[],[],[{"id":1851,"title":"tutta valgrande orizz","caption":"","full_image_url":"https:\/\/www.cortemerina.it\/wp-content\/uploads\/2020\/04\/tutta-valgrande-orizz-1.jpg","thumbnail_image_url":"https:\/\/www.cortemerina.it\/wp-content\/uploads\/2020\/04\/tutta-valgrande-orizz-1-150x150.jpg","large_srcset":"https:\/\/www.cortemerina.it\/wp-content\/uploads\/2020\/04\/tutta-valgrande-orizz-1-1024x498.jpg 1024w, https:\/\/www.cortemerina.it\/wp-content\/uploads\/2020\/04\/tutta-valgrande-orizz-1-300x146.jpg 300w, https:\/\/www.cortemerina.it\/wp-content\/uploads\/2020\/04\/tutta-valgrande-orizz-1-768x374.jpg 768w, https:\/\/www.cortemerina.it\/wp-content\/uploads\/2020\/04\/tutta-valgrande-orizz-1.jpg 1200w","medium_srcset":"https:\/\/www.cortemerina.it\/wp-content\/uploads\/2020\/04\/tutta-valgrande-orizz-1-300x146.jpg 300w, https:\/\/www.cortemerina.it\/wp-content\/uploads\/2020\/04\/tutta-valgrande-orizz-1-1024x498.jpg 1024w, https:\/\/www.cortemerina.it\/wp-content\/uploads\/2020\/04\/tutta-valgrande-orizz-1-768x374.jpg 768w, https:\/\/www.cortemerina.it\/wp-content\/uploads\/2020\/04\/tutta-valgrande-orizz-1.jpg 1200w","media_details":{"width":1200,"height":584,"sizes":{"medium":{"file":"tutta-valgrande-orizz-1-300x146.jpg","width":300,"height":146,"mime-type":"image\/jpeg","source_url":"https:\/\/www.cortemerina.it\/wp-content\/uploads\/2020\/04\/tutta-valgrande-orizz-1-300x146.jpg"},"large":{"file":"tutta-valgrande-orizz-1-1024x498.jpg","width":1024,"height":498,"mime-type":"image\/jpeg","source_url":"https:\/\/www.cortemerina.it\/wp-content\/uploads\/2020\/04\/tutta-valgrande-orizz-1-1024x498.jpg"},"thumbnail":{"file":"tutta-valgrande-orizz-1-150x150.jpg","width":150,"height":150,"mime-type":"image\/jpeg","source_url":"https:\/\/www.cortemerina.it\/wp-content\/uploads\/2020\/04\/tutta-valgrande-orizz-1-150x150.jpg"},"medium_large":{"file":"tutta-valgrande-orizz-1-768x374.jpg","width":768,"height":374,"mime-type":"image\/jpeg","source_url":"https:\/\/www.cortemerina.it\/wp-content\/uploads\/2020\/04\/tutta-valgrande-orizz-1-768x374.jpg"}}},"alt_text":"","url":"","target":""}]]}},"yoast_head":"<!-- This site is optimized with the Yoast SEO plugin v22.8 - https:\/\/yoast.com\/wordpress\/plugins\/seo\/ -->\n<title>TERRITOIRE DU VAL GRANDE - Corte Merina<\/title>\n<meta name=\"description\" content=\"Val Grande, un territoire ferm\u00e9 entre la vall\u00e9e d&#039;Ossola et le c\u00f4t\u00e9 pi\u00e9montais du lac Majeur, il est Parc national qui englobe la plus grande zone sauvage d&#039;Italie et Alpes. Pour les amoureux des excursions et du trekking.\" \/>\n<meta name=\"robots\" content=\"index, follow, max-snippet:-1, max-image-preview:large, max-video-preview:-1\" \/>\n<link rel=\"canonical\" href=\"https:\/\/www.cortemerina.it\/fr\/val-grande-et-territoire\/\" \/>\n<meta property=\"og:locale\" content=\"fr_FR\" \/>\n<meta property=\"og:type\" content=\"article\" \/>\n<meta property=\"og:title\" content=\"TERRITOIRE DU VAL GRANDE - Corte Merina\" \/>\n<meta property=\"og:description\" content=\"Val Grande, un territoire ferm\u00e9 entre la vall\u00e9e d&#039;Ossola et le c\u00f4t\u00e9 pi\u00e9montais du lac Majeur, il est Parc national qui englobe la plus grande zone sauvage d&#039;Italie et Alpes. Pour les amoureux des excursions et du trekking.\" \/>\n<meta property=\"og:url\" content=\"https:\/\/www.cortemerina.it\/fr\/val-grande-et-territoire\/\" \/>\n<meta property=\"og:site_name\" content=\"Corte Merina\" \/>\n<meta property=\"article:publisher\" content=\"https:\/\/www.facebook.com\/cortemerina\/\" \/>\n<meta property=\"article:modified_time\" content=\"2023-04-06T07:02:02+00:00\" \/>\n<meta property=\"og:image\" content=\"https:\/\/www.cortemerina.it\/wp-content\/uploads\/2020\/04\/tutta-valgrande-orizz-1.jpg\" \/>\n\t<meta property=\"og:image:width\" content=\"1200\" \/>\n\t<meta property=\"og:image:height\" content=\"584\" \/>\n\t<meta property=\"og:image:type\" content=\"image\/jpeg\" \/>\n<meta name=\"twitter:card\" content=\"summary_large_image\" \/>\n<meta name=\"twitter:label1\" content=\"Dur\u00e9e de lecture estim\u00e9e\" \/>\n\t<meta name=\"twitter:data1\" content=\"6 minutes\" \/>\n<script type=\"application\/ld+json\" class=\"yoast-schema-graph\">{\"@context\":\"https:\/\/schema.org\",\"@graph\":[{\"@type\":\"WebPage\",\"@id\":\"https:\/\/www.cortemerina.it\/fr\/val-grande-et-territoire\/\",\"url\":\"https:\/\/www.cortemerina.it\/fr\/val-grande-et-territoire\/\",\"name\":\"TERRITOIRE DU VAL GRANDE - Corte Merina\",\"isPartOf\":{\"@id\":\"https:\/\/www.cortemerina.it\/#website\"},\"primaryImageOfPage\":{\"@id\":\"https:\/\/www.cortemerina.it\/fr\/val-grande-et-territoire\/#primaryimage\"},\"image\":{\"@id\":\"https:\/\/www.cortemerina.it\/fr\/val-grande-et-territoire\/#primaryimage\"},\"thumbnailUrl\":\"https:\/\/www.cortemerina.it\/wp-content\/uploads\/2020\/04\/tutta-valgrande-orizz-1.jpg\",\"datePublished\":\"2020-04-19T20:26:01+00:00\",\"dateModified\":\"2023-04-06T07:02:02+00:00\",\"description\":\"Val Grande, un territoire ferm\u00e9 entre la vall\u00e9e d'Ossola et le c\u00f4t\u00e9 pi\u00e9montais du lac Majeur, il est Parc national qui englobe la plus grande zone sauvage d'Italie et Alpes. Pour les amoureux des excursions et du trekking.\",\"breadcrumb\":{\"@id\":\"https:\/\/www.cortemerina.it\/fr\/val-grande-et-territoire\/#breadcrumb\"},\"inLanguage\":\"fr-FR\",\"potentialAction\":[{\"@type\":\"ReadAction\",\"target\":[\"https:\/\/www.cortemerina.it\/fr\/val-grande-et-territoire\/\"]}]},{\"@type\":\"ImageObject\",\"inLanguage\":\"fr-FR\",\"@id\":\"https:\/\/www.cortemerina.it\/fr\/val-grande-et-territoire\/#primaryimage\",\"url\":\"https:\/\/www.cortemerina.it\/wp-content\/uploads\/2020\/04\/tutta-valgrande-orizz-1.jpg\",\"contentUrl\":\"https:\/\/www.cortemerina.it\/wp-content\/uploads\/2020\/04\/tutta-valgrande-orizz-1.jpg\",\"width\":1200,\"height\":584},{\"@type\":\"BreadcrumbList\",\"@id\":\"https:\/\/www.cortemerina.it\/fr\/val-grande-et-territoire\/#breadcrumb\",\"itemListElement\":[{\"@type\":\"ListItem\",\"position\":1,\"name\":\"Home\",\"item\":\"https:\/\/www.cortemerina.it\/fr\/\"},{\"@type\":\"ListItem\",\"position\":2,\"name\":\"TERRITOIRE DU VAL GRANDE\"}]},{\"@type\":\"WebSite\",\"@id\":\"https:\/\/www.cortemerina.it\/#website\",\"url\":\"https:\/\/www.cortemerina.it\/\",\"name\":\"Corte Merina\",\"description\":\"Azienda agricola - localit\u00e0 Merina - frazione Cicogna - Cossogno - Verbania\",\"publisher\":{\"@id\":\"https:\/\/www.cortemerina.it\/#organization\"},\"potentialAction\":[{\"@type\":\"SearchAction\",\"target\":{\"@type\":\"EntryPoint\",\"urlTemplate\":\"https:\/\/www.cortemerina.it\/?s={search_term_string}\"},\"query-input\":\"required name=search_term_string\"}],\"inLanguage\":\"fr-FR\"},{\"@type\":\"Organization\",\"@id\":\"https:\/\/www.cortemerina.it\/#organization\",\"name\":\"Corte Merina\",\"url\":\"https:\/\/www.cortemerina.it\/\",\"logo\":{\"@type\":\"ImageObject\",\"inLanguage\":\"fr-FR\",\"@id\":\"https:\/\/www.cortemerina.it\/#\/schema\/logo\/image\/\",\"url\":\"https:\/\/www.cortemerina.it\/wp-content\/uploads\/2020\/02\/logo-cortemerina-txt.png\",\"contentUrl\":\"https:\/\/www.cortemerina.it\/wp-content\/uploads\/2020\/02\/logo-cortemerina-txt.png\",\"width\":458,\"height\":174,\"caption\":\"Corte Merina\"},\"image\":{\"@id\":\"https:\/\/www.cortemerina.it\/#\/schema\/logo\/image\/\"},\"sameAs\":[\"https:\/\/www.facebook.com\/cortemerina\/\"]}]}<\/script>\n<!-- \/ Yoast SEO plugin. -->","yoast_head_json":{"title":"TERRITOIRE DU VAL GRANDE - Corte Merina","description":"Val Grande, un territoire ferm\u00e9 entre la vall\u00e9e d'Ossola et le c\u00f4t\u00e9 pi\u00e9montais du lac Majeur, il est Parc national qui englobe la plus grande zone sauvage d'Italie et Alpes. Pour les amoureux des excursions et du trekking.","robots":{"index":"index","follow":"follow","max-snippet":"max-snippet:-1","max-image-preview":"max-image-preview:large","max-video-preview":"max-video-preview:-1"},"canonical":"https:\/\/www.cortemerina.it\/fr\/val-grande-et-territoire\/","og_locale":"fr_FR","og_type":"article","og_title":"TERRITOIRE DU VAL GRANDE - Corte Merina","og_description":"Val Grande, un territoire ferm\u00e9 entre la vall\u00e9e d'Ossola et le c\u00f4t\u00e9 pi\u00e9montais du lac Majeur, il est Parc national qui englobe la plus grande zone sauvage d'Italie et Alpes. Pour les amoureux des excursions et du trekking.","og_url":"https:\/\/www.cortemerina.it\/fr\/val-grande-et-territoire\/","og_site_name":"Corte Merina","article_publisher":"https:\/\/www.facebook.com\/cortemerina\/","article_modified_time":"2023-04-06T07:02:02+00:00","og_image":[{"width":1200,"height":584,"url":"https:\/\/www.cortemerina.it\/wp-content\/uploads\/2020\/04\/tutta-valgrande-orizz-1.jpg","type":"image\/jpeg"}],"twitter_card":"summary_large_image","twitter_misc":{"Dur\u00e9e de lecture estim\u00e9e":"6 minutes"},"schema":{"@context":"https:\/\/schema.org","@graph":[{"@type":"WebPage","@id":"https:\/\/www.cortemerina.it\/fr\/val-grande-et-territoire\/","url":"https:\/\/www.cortemerina.it\/fr\/val-grande-et-territoire\/","name":"TERRITOIRE DU VAL GRANDE - Corte Merina","isPartOf":{"@id":"https:\/\/www.cortemerina.it\/#website"},"primaryImageOfPage":{"@id":"https:\/\/www.cortemerina.it\/fr\/val-grande-et-territoire\/#primaryimage"},"image":{"@id":"https:\/\/www.cortemerina.it\/fr\/val-grande-et-territoire\/#primaryimage"},"thumbnailUrl":"https:\/\/www.cortemerina.it\/wp-content\/uploads\/2020\/04\/tutta-valgrande-orizz-1.jpg","datePublished":"2020-04-19T20:26:01+00:00","dateModified":"2023-04-06T07:02:02+00:00","description":"Val Grande, un territoire ferm\u00e9 entre la vall\u00e9e d'Ossola et le c\u00f4t\u00e9 pi\u00e9montais du lac Majeur, il est Parc national qui englobe la plus grande zone sauvage d'Italie et Alpes. Pour les amoureux des excursions et du trekking.","breadcrumb":{"@id":"https:\/\/www.cortemerina.it\/fr\/val-grande-et-territoire\/#breadcrumb"},"inLanguage":"fr-FR","potentialAction":[{"@type":"ReadAction","target":["https:\/\/www.cortemerina.it\/fr\/val-grande-et-territoire\/"]}]},{"@type":"ImageObject","inLanguage":"fr-FR","@id":"https:\/\/www.cortemerina.it\/fr\/val-grande-et-territoire\/#primaryimage","url":"https:\/\/www.cortemerina.it\/wp-content\/uploads\/2020\/04\/tutta-valgrande-orizz-1.jpg","contentUrl":"https:\/\/www.cortemerina.it\/wp-content\/uploads\/2020\/04\/tutta-valgrande-orizz-1.jpg","width":1200,"height":584},{"@type":"BreadcrumbList","@id":"https:\/\/www.cortemerina.it\/fr\/val-grande-et-territoire\/#breadcrumb","itemListElement":[{"@type":"ListItem","position":1,"name":"Home","item":"https:\/\/www.cortemerina.it\/fr\/"},{"@type":"ListItem","position":2,"name":"TERRITOIRE DU VAL GRANDE"}]},{"@type":"WebSite","@id":"https:\/\/www.cortemerina.it\/#website","url":"https:\/\/www.cortemerina.it\/","name":"Corte Merina","description":"Azienda agricola - localit\u00e0 Merina - frazione Cicogna - Cossogno - Verbania","publisher":{"@id":"https:\/\/www.cortemerina.it\/#organization"},"potentialAction":[{"@type":"SearchAction","target":{"@type":"EntryPoint","urlTemplate":"https:\/\/www.cortemerina.it\/?s={search_term_string}"},"query-input":"required name=search_term_string"}],"inLanguage":"fr-FR"},{"@type":"Organization","@id":"https:\/\/www.cortemerina.it\/#organization","name":"Corte Merina","url":"https:\/\/www.cortemerina.it\/","logo":{"@type":"ImageObject","inLanguage":"fr-FR","@id":"https:\/\/www.cortemerina.it\/#\/schema\/logo\/image\/","url":"https:\/\/www.cortemerina.it\/wp-content\/uploads\/2020\/02\/logo-cortemerina-txt.png","contentUrl":"https:\/\/www.cortemerina.it\/wp-content\/uploads\/2020\/02\/logo-cortemerina-txt.png","width":458,"height":174,"caption":"Corte Merina"},"image":{"@id":"https:\/\/www.cortemerina.it\/#\/schema\/logo\/image\/"},"sameAs":["https:\/\/www.facebook.com\/cortemerina\/"]}]}},"_links":{"self":[{"href":"https:\/\/www.cortemerina.it\/fr\/wp-json\/wp\/v2\/pages\/1351"}],"collection":[{"href":"https:\/\/www.cortemerina.it\/fr\/wp-json\/wp\/v2\/pages"}],"about":[{"href":"https:\/\/www.cortemerina.it\/fr\/wp-json\/wp\/v2\/types\/page"}],"author":[{"embeddable":true,"href":"https:\/\/www.cortemerina.it\/fr\/wp-json\/wp\/v2\/users\/1"}],"replies":[{"embeddable":true,"href":"https:\/\/www.cortemerina.it\/fr\/wp-json\/wp\/v2\/comments?post=1351"}],"version-history":[{"count":6,"href":"https:\/\/www.cortemerina.it\/fr\/wp-json\/wp\/v2\/pages\/1351\/revisions"}],"predecessor-version":[{"id":4675,"href":"https:\/\/www.cortemerina.it\/fr\/wp-json\/wp\/v2\/pages\/1351\/revisions\/4675"}],"wp:featuredmedia":[{"embeddable":true,"href":"https:\/\/www.cortemerina.it\/fr\/wp-json\/wp\/v2\/media\/1851"}],"wp:attachment":[{"href":"https:\/\/www.cortemerina.it\/fr\/wp-json\/wp\/v2\/media?parent=1351"}],"curies":[{"name":"wp","href":"https:\/\/api.w.org\/{rel}","templated":true}]}}