{"id":1333,"date":"2020-04-19T22:21:17","date_gmt":"2020-04-19T20:21:17","guid":{"rendered":"https:\/\/www.cortemerina.it\/?page_id=1333"},"modified":"2023-03-23T12:29:34","modified_gmt":"2023-03-23T11:29:34","slug":"adresse","status":"publish","type":"page","link":"https:\/\/www.cortemerina.it\/fr\/adresse\/","title":{"rendered":"ADRESSE"},"content":{"rendered":"\n<div class=\"wp-block-cover is-light\"><span aria-hidden=\"true\" class=\"wp-block-cover__background has-bianco-background-color has-background-dim-0 has-background-dim\"><\/span><img loading=\"lazy\" decoding=\"async\" width=\"1200\" height=\"900\" class=\"wp-block-cover__image-background wp-image-158\" alt=\"\" src=\"https:\/\/www.cortemerina.it\/wp-content\/uploads\/2020\/02\/cortemerina-foto1-home.jpg\" style=\"object-position:50% 0%\" data-object-fit=\"cover\" data-object-position=\"50% 0%\" srcset=\"https:\/\/www.cortemerina.it\/wp-content\/uploads\/2020\/02\/cortemerina-foto1-home.jpg 1200w, https:\/\/www.cortemerina.it\/wp-content\/uploads\/2020\/02\/cortemerina-foto1-home-300x225.jpg 300w, https:\/\/www.cortemerina.it\/wp-content\/uploads\/2020\/02\/cortemerina-foto1-home-1024x768.jpg 1024w, https:\/\/www.cortemerina.it\/wp-content\/uploads\/2020\/02\/cortemerina-foto1-home-768x576.jpg 768w\" sizes=\"(max-width: 1200px) 100vw, 1200px\" \/><div class=\"wp-block-cover__inner-container is-layout-flow wp-block-cover-is-layout-flow\">\n<div style=\"height:20px\" aria-hidden=\"true\" class=\"wp-block-spacer\"><\/div>\n\n\n\n<p class=\"animated slideInLeft has-verdone-color has-text-color\" style=\"font-size:34px\"><strong><span class=\"has-inline-color has-verdone-color\">Notre position<\/span><\/strong><\/p>\n\n\n\n<div style=\"height:39px\" aria-hidden=\"true\" class=\"wp-block-spacer\"><\/div>\n\n\n\n<h2 class=\"animated zoomIn has-text-color wp-block-heading\" style=\"color:#000000\">Nous sommes \u00e0 Cicogna la petite capitale <br>du parc national du Val Grande<\/h2>\n\n\n\n<p class=\"has-text-color\" style=\"color:#000000\"><br><br><\/p>\n\n\n\n<p class=\"has-nero-color has-text-color\"><mark style=\"background-color:rgba(0, 0, 0, 0)\" class=\"has-inline-color has-nero-color\">Cicogna est un village de montagne \u00e0 800m d\u2019altitude, hameau de la commune de Cossogno dans la province de Verbania. <\/mark><br><mark style=\"background-color:rgba(0, 0, 0, 0)\" class=\"has-inline-color has-nero-color\">Il est devenu la petite capitale du Parc National du Val Grande lors de sa cr\u00e9ation en 1994. <\/mark><br><br><mark style=\"background-color:rgba(0, 0, 0, 0)\" class=\"has-inline-color has-nero-color\">Depuis Cicogna on ne peut parcourir la vall\u00e9e qu\u2019\u00e0 pied en suivant des sentiers naturels qui traversent des bois centenaires, des ruisseaux imp\u00e9tueux de fond de vall\u00e9e, des cr\u00eates offrant des vues spectaculaires. Pass\u00e9 et pr\u00e9sent se confondent dans un environnement unique et extraordinaire. <\/mark><br><mark style=\"background-color:rgba(0, 0, 0, 0)\" class=\"has-inline-color has-nero-color\">Vous retrouverez les traces de la civilisation paysanne qui vivait l\u00e0, dans les ruines des alpages abandonn\u00e9s, dans les vieilles fromageries ou les \u00e9tables, sur les chemins muletiers que vous parcourerez. <\/mark><br><br><mark style=\"background-color:rgba(0, 0, 0, 0)\" class=\"has-inline-color has-nero-color\">Rencontre magique et passionnante entre nature et histoire.<\/mark><br><br><\/p>\n\n\n\n<figure class=\"wp-block-gallery has-nested-images columns-default is-cropped animated fadeInUp wp-block-gallery-1 is-layout-flex wp-block-gallery-is-layout-flex\">\n<figure class=\"wp-block-image size-large\"><a href=\"https:\/\/www.cortemerina.it\/wp-content\/uploads\/2020\/02\/cortemerina-dovesiamo-6-1024x1024.jpg\"><img loading=\"lazy\" decoding=\"async\" width=\"1024\" height=\"1024\" src=\"https:\/\/www.cortemerina.it\/wp-content\/uploads\/2020\/02\/cortemerina-dovesiamo-6-1024x1024.jpg\" alt=\"\" class=\"wp-image-668\" srcset=\"https:\/\/www.cortemerina.it\/wp-content\/uploads\/2020\/02\/cortemerina-dovesiamo-6-1024x1024.jpg 1024w, https:\/\/www.cortemerina.it\/wp-content\/uploads\/2020\/02\/cortemerina-dovesiamo-6-300x300.jpg 300w, https:\/\/www.cortemerina.it\/wp-content\/uploads\/2020\/02\/cortemerina-dovesiamo-6-150x150.jpg 150w, https:\/\/www.cortemerina.it\/wp-content\/uploads\/2020\/02\/cortemerina-dovesiamo-6-768x768.jpg 768w, https:\/\/www.cortemerina.it\/wp-content\/uploads\/2020\/02\/cortemerina-dovesiamo-6.jpg 1200w\" sizes=\"(max-width: 1024px) 100vw, 1024px\" \/><\/a><\/figure>\n\n\n\n<figure class=\"wp-block-image size-large\"><a href=\"https:\/\/www.cortemerina.it\/wp-content\/uploads\/2020\/02\/cortemerina-dovesiamo-5-1024x768.jpg\"><img loading=\"lazy\" decoding=\"async\" width=\"1024\" height=\"768\" src=\"https:\/\/www.cortemerina.it\/wp-content\/uploads\/2020\/02\/cortemerina-dovesiamo-5-1024x768.jpg\" alt=\"\" class=\"wp-image-664\" srcset=\"https:\/\/www.cortemerina.it\/wp-content\/uploads\/2020\/02\/cortemerina-dovesiamo-5-1024x768.jpg 1024w, https:\/\/www.cortemerina.it\/wp-content\/uploads\/2020\/02\/cortemerina-dovesiamo-5-300x225.jpg 300w, https:\/\/www.cortemerina.it\/wp-content\/uploads\/2020\/02\/cortemerina-dovesiamo-5-768x576.jpg 768w, https:\/\/www.cortemerina.it\/wp-content\/uploads\/2020\/02\/cortemerina-dovesiamo-5.jpg 1200w\" sizes=\"(max-width: 1024px) 100vw, 1024px\" \/><\/a><\/figure>\n\n\n\n<figure class=\"wp-block-image size-large\"><a href=\"https:\/\/www.cortemerina.it\/wp-content\/uploads\/2020\/02\/cortemerina-dovesiamo-3-1024x768.jpg\"><img loading=\"lazy\" decoding=\"async\" width=\"1024\" height=\"768\" src=\"https:\/\/www.cortemerina.it\/wp-content\/uploads\/2020\/02\/cortemerina-dovesiamo-3-1024x768.jpg\" alt=\"\" class=\"wp-image-656\" srcset=\"https:\/\/www.cortemerina.it\/wp-content\/uploads\/2020\/02\/cortemerina-dovesiamo-3-1024x768.jpg 1024w, https:\/\/www.cortemerina.it\/wp-content\/uploads\/2020\/02\/cortemerina-dovesiamo-3-300x225.jpg 300w, https:\/\/www.cortemerina.it\/wp-content\/uploads\/2020\/02\/cortemerina-dovesiamo-3-768x576.jpg 768w, https:\/\/www.cortemerina.it\/wp-content\/uploads\/2020\/02\/cortemerina-dovesiamo-3.jpg 1200w\" sizes=\"(max-width: 1024px) 100vw, 1024px\" \/><\/a><\/figure>\n\n\n\n<figure class=\"wp-block-image size-large\"><a href=\"https:\/\/www.cortemerina.it\/wp-content\/uploads\/2020\/02\/cortemerina-dovesiamo-4-1024x768.jpg\"><img loading=\"lazy\" decoding=\"async\" width=\"1024\" height=\"768\" src=\"https:\/\/www.cortemerina.it\/wp-content\/uploads\/2020\/02\/cortemerina-dovesiamo-4-1024x768.jpg\" alt=\"\" class=\"wp-image-660\" srcset=\"https:\/\/www.cortemerina.it\/wp-content\/uploads\/2020\/02\/cortemerina-dovesiamo-4-1024x768.jpg 1024w, https:\/\/www.cortemerina.it\/wp-content\/uploads\/2020\/02\/cortemerina-dovesiamo-4-300x225.jpg 300w, https:\/\/www.cortemerina.it\/wp-content\/uploads\/2020\/02\/cortemerina-dovesiamo-4-768x576.jpg 768w, https:\/\/www.cortemerina.it\/wp-content\/uploads\/2020\/02\/cortemerina-dovesiamo-4.jpg 1200w\" sizes=\"(max-width: 1024px) 100vw, 1024px\" \/><\/a><\/figure>\n\n\n\n<figure class=\"wp-block-image size-large\"><a href=\"https:\/\/www.cortemerina.it\/wp-content\/uploads\/2020\/02\/cortemerina-dovesiamo-2-1024x768.jpg\"><img loading=\"lazy\" decoding=\"async\" width=\"1024\" height=\"768\" src=\"https:\/\/www.cortemerina.it\/wp-content\/uploads\/2020\/02\/cortemerina-dovesiamo-2-1024x768.jpg\" alt=\"\" class=\"wp-image-652\" srcset=\"https:\/\/www.cortemerina.it\/wp-content\/uploads\/2020\/02\/cortemerina-dovesiamo-2-1024x768.jpg 1024w, https:\/\/www.cortemerina.it\/wp-content\/uploads\/2020\/02\/cortemerina-dovesiamo-2-300x225.jpg 300w, https:\/\/www.cortemerina.it\/wp-content\/uploads\/2020\/02\/cortemerina-dovesiamo-2-768x576.jpg 768w, https:\/\/www.cortemerina.it\/wp-content\/uploads\/2020\/02\/cortemerina-dovesiamo-2.jpg 1200w\" sizes=\"(max-width: 1024px) 100vw, 1024px\" \/><\/a><\/figure>\n\n\n\n<figure class=\"wp-block-image size-large\"><a href=\"https:\/\/www.cortemerina.it\/wp-content\/uploads\/2020\/02\/cortemerina-dovesiamo-1-1024x768.jpg\"><img loading=\"lazy\" decoding=\"async\" width=\"1024\" height=\"768\" src=\"https:\/\/www.cortemerina.it\/wp-content\/uploads\/2020\/02\/cortemerina-dovesiamo-1-1024x768.jpg\" alt=\"\" class=\"wp-image-648\" srcset=\"https:\/\/www.cortemerina.it\/wp-content\/uploads\/2020\/02\/cortemerina-dovesiamo-1-1024x768.jpg 1024w, https:\/\/www.cortemerina.it\/wp-content\/uploads\/2020\/02\/cortemerina-dovesiamo-1-300x225.jpg 300w, https:\/\/www.cortemerina.it\/wp-content\/uploads\/2020\/02\/cortemerina-dovesiamo-1-768x576.jpg 768w, https:\/\/www.cortemerina.it\/wp-content\/uploads\/2020\/02\/cortemerina-dovesiamo-1.jpg 1200w\" sizes=\"(max-width: 1024px) 100vw, 1024px\" \/><\/a><\/figure>\n<\/figure>\n<\/div><\/div>\n\n\n\n<div class=\"wp-block-cover is-light\"><span aria-hidden=\"true\" class=\"wp-block-cover__background has-background-dim-100 has-background-dim\" style=\"background-color:#ffffff\"><\/span><div class=\"wp-block-cover__inner-container is-layout-flow wp-block-cover-is-layout-flow\">\n<div style=\"height:20px\" aria-hidden=\"true\" class=\"wp-block-spacer\"><\/div>\n\n\n\n<h2 class=\"has-text-color wp-block-heading\" style=\"color:#000000\">Corte Merina<\/h2>\n\n\n\n<p class=\"has-text-color\" style=\"color:#000000\"><br>La ferme Corte Merina tire son nom de la \u201ccour\u201d dans laquelle elle se trouve ; \u201ccour\u201d compos\u00e9e d\u2019un petit groupe de cabanes de berger situ\u00e9 \u00e0 200 m environ du village de Cicogna.<br><br>Lorsque vous arriverez sur la place du village vous trouverez un panneau indiquant le chemin de terre \u00e0 votre gauche o\u00f9 vous pourrez garer votre voiture. Vous devrez ensuite parcourir \u00e0 pied les 200 m qui vous s\u00e9parent de la ferme.<br><br>Les clients qui voyagent \u00e0 v\u00e9lo trouveront un parking \u00e9quip\u00e9 o\u00f9 ils pourront, si n\u00e9cessaire, recharger leur batterie.<br><br><\/p>\n\n\n\n<figure class=\"wp-block-gallery has-nested-images columns-default is-cropped animated fadeInUp wp-block-gallery-2 is-layout-flex wp-block-gallery-is-layout-flex\">\n<figure class=\"wp-block-image size-large\"><a href=\"https:\/\/www.cortemerina.it\/wp-content\/uploads\/2020\/02\/cortemerina-dovesiamo_merina-1.jpg\"><img loading=\"lazy\" decoding=\"async\" width=\"1024\" height=\"768\" src=\"https:\/\/www.cortemerina.it\/wp-content\/uploads\/2020\/02\/cortemerina-dovesiamo_merina-1-1024x768.jpg\" alt=\"\" class=\"wp-image-681\" srcset=\"https:\/\/www.cortemerina.it\/wp-content\/uploads\/2020\/02\/cortemerina-dovesiamo_merina-1-1024x768.jpg 1024w, https:\/\/www.cortemerina.it\/wp-content\/uploads\/2020\/02\/cortemerina-dovesiamo_merina-1-300x225.jpg 300w, https:\/\/www.cortemerina.it\/wp-content\/uploads\/2020\/02\/cortemerina-dovesiamo_merina-1-768x576.jpg 768w, https:\/\/www.cortemerina.it\/wp-content\/uploads\/2020\/02\/cortemerina-dovesiamo_merina-1.jpg 1200w\" sizes=\"(max-width: 1024px) 100vw, 1024px\" \/><\/a><\/figure>\n\n\n\n<figure class=\"wp-block-image size-large\"><a href=\"https:\/\/www.cortemerina.it\/wp-content\/uploads\/2020\/02\/cortemerina-dovesiamo_merina-2.jpg\"><img loading=\"lazy\" decoding=\"async\" width=\"1024\" height=\"768\" src=\"https:\/\/www.cortemerina.it\/wp-content\/uploads\/2020\/02\/cortemerina-dovesiamo_merina-2-1024x768.jpg\" alt=\"\" class=\"wp-image-685\" srcset=\"https:\/\/www.cortemerina.it\/wp-content\/uploads\/2020\/02\/cortemerina-dovesiamo_merina-2-1024x768.jpg 1024w, https:\/\/www.cortemerina.it\/wp-content\/uploads\/2020\/02\/cortemerina-dovesiamo_merina-2-300x225.jpg 300w, https:\/\/www.cortemerina.it\/wp-content\/uploads\/2020\/02\/cortemerina-dovesiamo_merina-2-768x576.jpg 768w, https:\/\/www.cortemerina.it\/wp-content\/uploads\/2020\/02\/cortemerina-dovesiamo_merina-2.jpg 1200w\" sizes=\"(max-width: 1024px) 100vw, 1024px\" \/><\/a><\/figure>\n\n\n\n<figure class=\"wp-block-image size-large\"><a href=\"https:\/\/www.cortemerina.it\/wp-content\/uploads\/2020\/02\/cortemerina-dovesiamo_merina-3.jpg\"><img loading=\"lazy\" decoding=\"async\" width=\"1024\" height=\"768\" src=\"https:\/\/www.cortemerina.it\/wp-content\/uploads\/2020\/02\/cortemerina-dovesiamo_merina-3-1024x768.jpg\" alt=\"\" class=\"wp-image-689\" srcset=\"https:\/\/www.cortemerina.it\/wp-content\/uploads\/2020\/02\/cortemerina-dovesiamo_merina-3-1024x768.jpg 1024w, https:\/\/www.cortemerina.it\/wp-content\/uploads\/2020\/02\/cortemerina-dovesiamo_merina-3-300x225.jpg 300w, https:\/\/www.cortemerina.it\/wp-content\/uploads\/2020\/02\/cortemerina-dovesiamo_merina-3-768x576.jpg 768w, https:\/\/www.cortemerina.it\/wp-content\/uploads\/2020\/02\/cortemerina-dovesiamo_merina-3.jpg 1200w\" sizes=\"(max-width: 1024px) 100vw, 1024px\" \/><\/a><\/figure>\n\n\n\n<figure class=\"wp-block-image size-large\"><a href=\"https:\/\/www.cortemerina.it\/wp-content\/uploads\/2020\/02\/cortemerina-dovesiamo_merina-4.jpg\"><img loading=\"lazy\" decoding=\"async\" width=\"1024\" height=\"768\" src=\"https:\/\/www.cortemerina.it\/wp-content\/uploads\/2020\/02\/cortemerina-dovesiamo_merina-4-1024x768.jpg\" alt=\"\" class=\"wp-image-693\" srcset=\"https:\/\/www.cortemerina.it\/wp-content\/uploads\/2020\/02\/cortemerina-dovesiamo_merina-4-1024x768.jpg 1024w, https:\/\/www.cortemerina.it\/wp-content\/uploads\/2020\/02\/cortemerina-dovesiamo_merina-4-300x225.jpg 300w, https:\/\/www.cortemerina.it\/wp-content\/uploads\/2020\/02\/cortemerina-dovesiamo_merina-4-768x576.jpg 768w, https:\/\/www.cortemerina.it\/wp-content\/uploads\/2020\/02\/cortemerina-dovesiamo_merina-4.jpg 1200w\" sizes=\"(max-width: 1024px) 100vw, 1024px\" \/><\/a><\/figure>\n\n\n\n<figure class=\"wp-block-image size-large\"><a href=\"https:\/\/www.cortemerina.it\/wp-content\/uploads\/2020\/02\/cortemerina-dovesiamo_merina-6.jpg\"><img loading=\"lazy\" decoding=\"async\" width=\"1024\" height=\"768\" src=\"https:\/\/www.cortemerina.it\/wp-content\/uploads\/2020\/02\/cortemerina-dovesiamo_merina-6-1024x768.jpg\" alt=\"\" class=\"wp-image-701\" srcset=\"https:\/\/www.cortemerina.it\/wp-content\/uploads\/2020\/02\/cortemerina-dovesiamo_merina-6-1024x768.jpg 1024w, https:\/\/www.cortemerina.it\/wp-content\/uploads\/2020\/02\/cortemerina-dovesiamo_merina-6-300x225.jpg 300w, https:\/\/www.cortemerina.it\/wp-content\/uploads\/2020\/02\/cortemerina-dovesiamo_merina-6-768x576.jpg 768w, https:\/\/www.cortemerina.it\/wp-content\/uploads\/2020\/02\/cortemerina-dovesiamo_merina-6.jpg 1200w\" sizes=\"(max-width: 1024px) 100vw, 1024px\" \/><\/a><\/figure>\n\n\n\n<figure class=\"wp-block-image size-large\"><a href=\"https:\/\/www.cortemerina.it\/wp-content\/uploads\/2020\/04\/esterno-baita4-1.jpg\"><img loading=\"lazy\" decoding=\"async\" width=\"1024\" height=\"768\" src=\"https:\/\/www.cortemerina.it\/wp-content\/uploads\/2020\/04\/esterno-baita4-1-1024x768.jpg\" alt=\"\" class=\"wp-image-1800\" srcset=\"https:\/\/www.cortemerina.it\/wp-content\/uploads\/2020\/04\/esterno-baita4-1-1024x768.jpg 1024w, https:\/\/www.cortemerina.it\/wp-content\/uploads\/2020\/04\/esterno-baita4-1-300x225.jpg 300w, https:\/\/www.cortemerina.it\/wp-content\/uploads\/2020\/04\/esterno-baita4-1-768x576.jpg 768w, https:\/\/www.cortemerina.it\/wp-content\/uploads\/2020\/04\/esterno-baita4-1.jpg 1200w\" sizes=\"(max-width: 1024px) 100vw, 1024px\" \/><\/a><\/figure>\n<\/figure>\n\n\n\n<div style=\"height:20px\" aria-hidden=\"true\" class=\"wp-block-spacer\"><\/div>\n\n\n\n<h2 class=\"has-text-color wp-block-heading\" style=\"color:#000000\">COMMENT Y ARRIVER<\/h2>\n\n\n\n<p class=\"has-text-color\" style=\"color:#000000\"><br>Pour arriver \u00e0 Cicogna il faut p\u00e9n\u00e9trer au coeur du Val Pogallo qui, avec d\u2019autres vall\u00e9es, forme le Val Grande. <br>Suivre la route de province sur 8 km de Rovegro \u00e0 San Bernardino en passant sous un impressionnant tunnel creus\u00e9 dans la roche et traverser le torrent Val Grande sur le \u201cpont Castello\u201d point panoramique notoire.<br><br><strong>Depuis Milan et Turin : <\/strong>prendre l\u2019autoroute A26 Genova-Gravellona Toce direction Gravellona Toce jusqu\u2019\u00e0 la sortie Baveno-Stresa ou Verbania.<br>Depuis Milan on peut \u00e9galement sortir \u00e0 Arona et continuer sur la SS 33 du Simplon en longeant le lac Majeur sur 30km environ.<br><br><strong>Depuis la Suisse et l&#8217;Allemagne : <\/strong>on arrive \u00e0 Domodossola par le col du Simplon. Prendre la SS 33 en direction de Verbania ou depuis Locarno (CH) longer le lac Majeur jusqu\u2019\u00e0 Verbania.<br><br><strong>Depuis la France : <\/strong>apr\u00e8s le tunnel du Mont Blanc prendre l\u2019autoroute A4 Turin-Milan jusqu\u2019\u00e0 l\u2019\u00e9changeur d\u2019autoroute A26 Genova-Gravellona Toce et prendre la direction Gravellona Toce. Sortie \u00e0 Verbania.<br><br><strong>Par le train :<\/strong> ligne Milan-Domodossola. Descendre \u00e0 Verbania (gare de Fondotoce). A la gare, des bus assurent le transport jusqu\u2019\u00e0 Rovegro.<br><br>Regardez l&#8217;itin\u00e9raire et les temps sur <br><a href=\"https:\/\/www.thetrainline.com\/it\" target=\"_blank\" rel=\"noreferrer noopener\">https:\/\/www.thetrainline.com\/it<\/a><br><br>Service de taxi \u00e0 la demande.<br><br><\/p>\n<\/div><\/div>\n\n\n\n<div class=\"wp-block-cover is-light\" style=\"min-height:550px;aspect-ratio:unset;\"><span aria-hidden=\"true\" class=\"wp-block-cover__background has-bianco-background-color has-background-dim-0 has-background-dim\"><\/span><img loading=\"lazy\" decoding=\"async\" width=\"1200\" height=\"900\" class=\"wp-block-cover__image-background wp-image-2168\" alt=\"\" src=\"https:\/\/www.cortemerina.it\/wp-content\/uploads\/2020\/05\/corte-merina-foto-con-caprette-sotto5.jpg\" style=\"object-position:81% 97%\" data-object-fit=\"cover\" data-object-position=\"81% 97%\" srcset=\"https:\/\/www.cortemerina.it\/wp-content\/uploads\/2020\/05\/corte-merina-foto-con-caprette-sotto5.jpg 1200w, https:\/\/www.cortemerina.it\/wp-content\/uploads\/2020\/05\/corte-merina-foto-con-caprette-sotto5-300x225.jpg 300w, https:\/\/www.cortemerina.it\/wp-content\/uploads\/2020\/05\/corte-merina-foto-con-caprette-sotto5-1024x768.jpg 1024w, https:\/\/www.cortemerina.it\/wp-content\/uploads\/2020\/05\/corte-merina-foto-con-caprette-sotto5-768x576.jpg 768w\" sizes=\"(max-width: 1200px) 100vw, 1200px\" \/><div class=\"wp-block-cover__inner-container is-layout-flow wp-block-cover-is-layout-flow\">\n<h2 class=\"has-text-align-center animated zoomIn has-text-color wp-block-heading\" style=\"color:#38753b\">Voulez-vous passer quelques jours de vacances avec nous ?<br>Vous souhaitez saire une excursion ?<br><br><\/h2>\n\n\n\n<div class=\"wp-block-button aligncenter\"><a class=\"wp-block-button__link has-text-color has-background wp-element-button\" href=\"https:\/\/www.cortemerina.it\/fr\/contact\/\" style=\"border-radius:12px;color:#ffffff;background-color:#38753b\">CONTACTEZ-NOUS<\/a><\/div>\n\n\n\n<div style=\"height:94px\" aria-hidden=\"true\" class=\"wp-block-spacer\"><\/div>\n\n\n\n<h2 class=\"has-text-align-center animated zoomIn has-bianco-color has-text-color wp-block-heading\">Vous \u00eates \u00e0 la recherche d&#8217;un g\u00eete pour les vacances ? <br>Vous recherchez un camping calme en pleine nature ?<br><br><\/h2>\n\n\n\n<div class=\"wp-block-button aligncenter\"><a class=\"wp-block-button__link has-arancio-background-color has-text-color has-background wp-element-button\" style=\"border-radius:12px;color:#ffffff\">VERIFIEZ LA DISPONIBILIT\u00c9<\/a><\/div>\n\n\n\n<div style=\"height:69px\" aria-hidden=\"true\" class=\"wp-block-spacer\"><\/div>\n<\/div><\/div>\n\n\n\n<div style=\"padding: 0; background-color: #38753b;\">\n<iframe loading=\"lazy\" src=\"https:\/\/www.google.com\/maps\/embed?pb=!1m14!1m8!1m3!1d354756.30633859115!2d8.486592!3d46.00054!3m2!1i1024!2i768!4f13.1!3m3!1m2!1s0x0%3A0x8135f4bd676c2a48!2sAzienda%20Agricola%20Corte%20Merina!5e0!3m2!1sit!2sit!4v1587467327429!5m2!1sit!2sit\" style=\"border:0;\" allowfullscreen=\"\" aria-hidden=\"false\" tabindex=\"0\" width=\"100%\" height=\"300\" frameborder=\"0\"><\/iframe>\n<\/div>\n\n\n\n<div style=\"padding: 0 0 0 1%; background-color: #38753b;\">\n\t<iframe loading=\"lazy\" src=\"https:\/\/www.3bmeteo.com\/moduli_esterni\/localita_7_giorni_compatto\/2407\/000000\/b9d08a\/222222\/b9d08a\/it\" width=\"100%\" height=\"192\" frameborder=\"0\"><\/iframe><\/div>\n","protected":false},"excerpt":{"rendered":"","protected":false},"author":1,"featured_media":2156,"parent":0,"menu_order":0,"comment_status":"closed","ping_status":"closed","template":"","meta":{"_acf_changed":false,"footnotes":""},"acf":{"photo_gallery":{"gallery_custom_1":[[]],"gallery_custom_2":[[],[]],"gallery_custom_3":[[],[],[]],"gallery_custom_4":[[],[],[],[]],"gallery_custom_5":[[],[],[],[],[]],"background_image_gallery":[[],[],[],[],[],[{"id":1851,"title":"tutta valgrande orizz","caption":"","full_image_url":"https:\/\/www.cortemerina.it\/wp-content\/uploads\/2020\/04\/tutta-valgrande-orizz-1.jpg","thumbnail_image_url":"https:\/\/www.cortemerina.it\/wp-content\/uploads\/2020\/04\/tutta-valgrande-orizz-1-150x150.jpg","large_srcset":"https:\/\/www.cortemerina.it\/wp-content\/uploads\/2020\/04\/tutta-valgrande-orizz-1-1024x498.jpg 1024w, https:\/\/www.cortemerina.it\/wp-content\/uploads\/2020\/04\/tutta-valgrande-orizz-1-300x146.jpg 300w, https:\/\/www.cortemerina.it\/wp-content\/uploads\/2020\/04\/tutta-valgrande-orizz-1-768x374.jpg 768w, https:\/\/www.cortemerina.it\/wp-content\/uploads\/2020\/04\/tutta-valgrande-orizz-1.jpg 1200w","medium_srcset":"https:\/\/www.cortemerina.it\/wp-content\/uploads\/2020\/04\/tutta-valgrande-orizz-1-300x146.jpg 300w, https:\/\/www.cortemerina.it\/wp-content\/uploads\/2020\/04\/tutta-valgrande-orizz-1-1024x498.jpg 1024w, https:\/\/www.cortemerina.it\/wp-content\/uploads\/2020\/04\/tutta-valgrande-orizz-1-768x374.jpg 768w, https:\/\/www.cortemerina.it\/wp-content\/uploads\/2020\/04\/tutta-valgrande-orizz-1.jpg 1200w","media_details":{"width":1200,"height":584,"sizes":{"medium":{"file":"tutta-valgrande-orizz-1-300x146.jpg","width":300,"height":146,"mime-type":"image\/jpeg","source_url":"https:\/\/www.cortemerina.it\/wp-content\/uploads\/2020\/04\/tutta-valgrande-orizz-1-300x146.jpg"},"large":{"file":"tutta-valgrande-orizz-1-1024x498.jpg","width":1024,"height":498,"mime-type":"image\/jpeg","source_url":"https:\/\/www.cortemerina.it\/wp-content\/uploads\/2020\/04\/tutta-valgrande-orizz-1-1024x498.jpg"},"thumbnail":{"file":"tutta-valgrande-orizz-1-150x150.jpg","width":150,"height":150,"mime-type":"image\/jpeg","source_url":"https:\/\/www.cortemerina.it\/wp-content\/uploads\/2020\/04\/tutta-valgrande-orizz-1-150x150.jpg"},"medium_large":{"file":"tutta-valgrande-orizz-1-768x374.jpg","width":768,"height":374,"mime-type":"image\/jpeg","source_url":"https:\/\/www.cortemerina.it\/wp-content\/uploads\/2020\/04\/tutta-valgrande-orizz-1-768x374.jpg"}}},"alt_text":"","url":"","target":""}]]}},"yoast_head":"<!-- This site is optimized with the Yoast SEO plugin v22.8 - https:\/\/yoast.com\/wordpress\/plugins\/seo\/ -->\n<title>ADRESSE - Corte Merina<\/title>\n<meta name=\"robots\" content=\"index, follow, max-snippet:-1, max-image-preview:large, max-video-preview:-1\" \/>\n<link rel=\"canonical\" href=\"https:\/\/www.cortemerina.it\/fr\/adresse\/\" \/>\n<meta property=\"og:locale\" content=\"fr_FR\" \/>\n<meta property=\"og:type\" content=\"article\" \/>\n<meta property=\"og:title\" content=\"ADRESSE - Corte Merina\" \/>\n<meta property=\"og:url\" content=\"https:\/\/www.cortemerina.it\/fr\/adresse\/\" \/>\n<meta property=\"og:site_name\" content=\"Corte Merina\" \/>\n<meta property=\"article:publisher\" content=\"https:\/\/www.facebook.com\/cortemerina\/\" \/>\n<meta property=\"article:modified_time\" content=\"2023-03-23T11:29:34+00:00\" \/>\n<meta property=\"og:image\" content=\"https:\/\/www.cortemerina.it\/wp-content\/uploads\/2020\/05\/cicogna-e-vista-lago.jpg\" \/>\n\t<meta property=\"og:image:width\" content=\"1200\" \/>\n\t<meta property=\"og:image:height\" content=\"420\" \/>\n\t<meta property=\"og:image:type\" content=\"image\/jpeg\" \/>\n<meta name=\"twitter:card\" content=\"summary_large_image\" \/>\n<meta name=\"twitter:label1\" content=\"Dur\u00e9e de lecture estim\u00e9e\" \/>\n\t<meta name=\"twitter:data1\" content=\"6 minutes\" \/>\n<script type=\"application\/ld+json\" class=\"yoast-schema-graph\">{\"@context\":\"https:\/\/schema.org\",\"@graph\":[{\"@type\":\"WebPage\",\"@id\":\"https:\/\/www.cortemerina.it\/fr\/adresse\/\",\"url\":\"https:\/\/www.cortemerina.it\/fr\/adresse\/\",\"name\":\"ADRESSE - Corte Merina\",\"isPartOf\":{\"@id\":\"https:\/\/www.cortemerina.it\/#website\"},\"primaryImageOfPage\":{\"@id\":\"https:\/\/www.cortemerina.it\/fr\/adresse\/#primaryimage\"},\"image\":{\"@id\":\"https:\/\/www.cortemerina.it\/fr\/adresse\/#primaryimage\"},\"thumbnailUrl\":\"https:\/\/www.cortemerina.it\/wp-content\/uploads\/2020\/05\/cicogna-e-vista-lago.jpg\",\"datePublished\":\"2020-04-19T20:21:17+00:00\",\"dateModified\":\"2023-03-23T11:29:34+00:00\",\"breadcrumb\":{\"@id\":\"https:\/\/www.cortemerina.it\/fr\/adresse\/#breadcrumb\"},\"inLanguage\":\"fr-FR\",\"potentialAction\":[{\"@type\":\"ReadAction\",\"target\":[\"https:\/\/www.cortemerina.it\/fr\/adresse\/\"]}]},{\"@type\":\"ImageObject\",\"inLanguage\":\"fr-FR\",\"@id\":\"https:\/\/www.cortemerina.it\/fr\/adresse\/#primaryimage\",\"url\":\"https:\/\/www.cortemerina.it\/wp-content\/uploads\/2020\/05\/cicogna-e-vista-lago.jpg\",\"contentUrl\":\"https:\/\/www.cortemerina.it\/wp-content\/uploads\/2020\/05\/cicogna-e-vista-lago.jpg\",\"width\":1200,\"height\":420,\"caption\":\"DIGITAL CAMERA\"},{\"@type\":\"BreadcrumbList\",\"@id\":\"https:\/\/www.cortemerina.it\/fr\/adresse\/#breadcrumb\",\"itemListElement\":[{\"@type\":\"ListItem\",\"position\":1,\"name\":\"Home\",\"item\":\"https:\/\/www.cortemerina.it\/fr\/\"},{\"@type\":\"ListItem\",\"position\":2,\"name\":\"ADRESSE\"}]},{\"@type\":\"WebSite\",\"@id\":\"https:\/\/www.cortemerina.it\/#website\",\"url\":\"https:\/\/www.cortemerina.it\/\",\"name\":\"Corte Merina\",\"description\":\"Azienda agricola - localit\u00e0 Merina - frazione Cicogna - Cossogno - Verbania\",\"publisher\":{\"@id\":\"https:\/\/www.cortemerina.it\/#organization\"},\"potentialAction\":[{\"@type\":\"SearchAction\",\"target\":{\"@type\":\"EntryPoint\",\"urlTemplate\":\"https:\/\/www.cortemerina.it\/?s={search_term_string}\"},\"query-input\":\"required name=search_term_string\"}],\"inLanguage\":\"fr-FR\"},{\"@type\":\"Organization\",\"@id\":\"https:\/\/www.cortemerina.it\/#organization\",\"name\":\"Corte Merina\",\"url\":\"https:\/\/www.cortemerina.it\/\",\"logo\":{\"@type\":\"ImageObject\",\"inLanguage\":\"fr-FR\",\"@id\":\"https:\/\/www.cortemerina.it\/#\/schema\/logo\/image\/\",\"url\":\"https:\/\/www.cortemerina.it\/wp-content\/uploads\/2020\/02\/logo-cortemerina-txt.png\",\"contentUrl\":\"https:\/\/www.cortemerina.it\/wp-content\/uploads\/2020\/02\/logo-cortemerina-txt.png\",\"width\":458,\"height\":174,\"caption\":\"Corte Merina\"},\"image\":{\"@id\":\"https:\/\/www.cortemerina.it\/#\/schema\/logo\/image\/\"},\"sameAs\":[\"https:\/\/www.facebook.com\/cortemerina\/\"]}]}<\/script>\n<!-- \/ Yoast SEO plugin. -->","yoast_head_json":{"title":"ADRESSE - Corte Merina","robots":{"index":"index","follow":"follow","max-snippet":"max-snippet:-1","max-image-preview":"max-image-preview:large","max-video-preview":"max-video-preview:-1"},"canonical":"https:\/\/www.cortemerina.it\/fr\/adresse\/","og_locale":"fr_FR","og_type":"article","og_title":"ADRESSE - Corte Merina","og_url":"https:\/\/www.cortemerina.it\/fr\/adresse\/","og_site_name":"Corte Merina","article_publisher":"https:\/\/www.facebook.com\/cortemerina\/","article_modified_time":"2023-03-23T11:29:34+00:00","og_image":[{"width":1200,"height":420,"url":"https:\/\/www.cortemerina.it\/wp-content\/uploads\/2020\/05\/cicogna-e-vista-lago.jpg","type":"image\/jpeg"}],"twitter_card":"summary_large_image","twitter_misc":{"Dur\u00e9e de lecture estim\u00e9e":"6 minutes"},"schema":{"@context":"https:\/\/schema.org","@graph":[{"@type":"WebPage","@id":"https:\/\/www.cortemerina.it\/fr\/adresse\/","url":"https:\/\/www.cortemerina.it\/fr\/adresse\/","name":"ADRESSE - Corte Merina","isPartOf":{"@id":"https:\/\/www.cortemerina.it\/#website"},"primaryImageOfPage":{"@id":"https:\/\/www.cortemerina.it\/fr\/adresse\/#primaryimage"},"image":{"@id":"https:\/\/www.cortemerina.it\/fr\/adresse\/#primaryimage"},"thumbnailUrl":"https:\/\/www.cortemerina.it\/wp-content\/uploads\/2020\/05\/cicogna-e-vista-lago.jpg","datePublished":"2020-04-19T20:21:17+00:00","dateModified":"2023-03-23T11:29:34+00:00","breadcrumb":{"@id":"https:\/\/www.cortemerina.it\/fr\/adresse\/#breadcrumb"},"inLanguage":"fr-FR","potentialAction":[{"@type":"ReadAction","target":["https:\/\/www.cortemerina.it\/fr\/adresse\/"]}]},{"@type":"ImageObject","inLanguage":"fr-FR","@id":"https:\/\/www.cortemerina.it\/fr\/adresse\/#primaryimage","url":"https:\/\/www.cortemerina.it\/wp-content\/uploads\/2020\/05\/cicogna-e-vista-lago.jpg","contentUrl":"https:\/\/www.cortemerina.it\/wp-content\/uploads\/2020\/05\/cicogna-e-vista-lago.jpg","width":1200,"height":420,"caption":"DIGITAL CAMERA"},{"@type":"BreadcrumbList","@id":"https:\/\/www.cortemerina.it\/fr\/adresse\/#breadcrumb","itemListElement":[{"@type":"ListItem","position":1,"name":"Home","item":"https:\/\/www.cortemerina.it\/fr\/"},{"@type":"ListItem","position":2,"name":"ADRESSE"}]},{"@type":"WebSite","@id":"https:\/\/www.cortemerina.it\/#website","url":"https:\/\/www.cortemerina.it\/","name":"Corte Merina","description":"Azienda agricola - localit\u00e0 Merina - frazione Cicogna - Cossogno - Verbania","publisher":{"@id":"https:\/\/www.cortemerina.it\/#organization"},"potentialAction":[{"@type":"SearchAction","target":{"@type":"EntryPoint","urlTemplate":"https:\/\/www.cortemerina.it\/?s={search_term_string}"},"query-input":"required name=search_term_string"}],"inLanguage":"fr-FR"},{"@type":"Organization","@id":"https:\/\/www.cortemerina.it\/#organization","name":"Corte Merina","url":"https:\/\/www.cortemerina.it\/","logo":{"@type":"ImageObject","inLanguage":"fr-FR","@id":"https:\/\/www.cortemerina.it\/#\/schema\/logo\/image\/","url":"https:\/\/www.cortemerina.it\/wp-content\/uploads\/2020\/02\/logo-cortemerina-txt.png","contentUrl":"https:\/\/www.cortemerina.it\/wp-content\/uploads\/2020\/02\/logo-cortemerina-txt.png","width":458,"height":174,"caption":"Corte Merina"},"image":{"@id":"https:\/\/www.cortemerina.it\/#\/schema\/logo\/image\/"},"sameAs":["https:\/\/www.facebook.com\/cortemerina\/"]}]}},"_links":{"self":[{"href":"https:\/\/www.cortemerina.it\/fr\/wp-json\/wp\/v2\/pages\/1333"}],"collection":[{"href":"https:\/\/www.cortemerina.it\/fr\/wp-json\/wp\/v2\/pages"}],"about":[{"href":"https:\/\/www.cortemerina.it\/fr\/wp-json\/wp\/v2\/types\/page"}],"author":[{"embeddable":true,"href":"https:\/\/www.cortemerina.it\/fr\/wp-json\/wp\/v2\/users\/1"}],"replies":[{"embeddable":true,"href":"https:\/\/www.cortemerina.it\/fr\/wp-json\/wp\/v2\/comments?post=1333"}],"version-history":[{"count":12,"href":"https:\/\/www.cortemerina.it\/fr\/wp-json\/wp\/v2\/pages\/1333\/revisions"}],"predecessor-version":[{"id":4644,"href":"https:\/\/www.cortemerina.it\/fr\/wp-json\/wp\/v2\/pages\/1333\/revisions\/4644"}],"wp:featuredmedia":[{"embeddable":true,"href":"https:\/\/www.cortemerina.it\/fr\/wp-json\/wp\/v2\/media\/2156"}],"wp:attachment":[{"href":"https:\/\/www.cortemerina.it\/fr\/wp-json\/wp\/v2\/media?parent=1333"}],"curies":[{"name":"wp","href":"https:\/\/api.w.org\/{rel}","templated":true}]}}