{"id":1322,"date":"2020-04-19T22:18:42","date_gmt":"2020-04-19T20:18:42","guid":{"rendered":"https:\/\/www.cortemerina.it\/?page_id=1322"},"modified":"2024-05-24T19:16:28","modified_gmt":"2024-05-24T17:16:28","slug":"unterkunft-im-bauernhof","status":"publish","type":"page","link":"https:\/\/www.cortemerina.it\/de\/unterkunft-im-bauernhof\/","title":{"rendered":"UNTERKUNFT IM BAUERNHOF"},"content":{"rendered":"\n<div class=\"wp-block-cover is-light\" style=\"min-height:300px;aspect-ratio:unset;\"><span aria-hidden=\"true\" class=\"wp-block-cover__background has-bianco-background-color has-background-dim-0 has-background-dim\"><\/span><img loading=\"lazy\" decoding=\"async\" width=\"1200\" height=\"900\" class=\"wp-block-cover__image-background wp-image-158\" alt=\"\" src=\"https:\/\/www.cortemerina.it\/wp-content\/uploads\/2020\/02\/cortemerina-foto1-home.jpg\" style=\"object-position:26% 10%\" data-object-fit=\"cover\" data-object-position=\"26% 10%\" srcset=\"https:\/\/www.cortemerina.it\/wp-content\/uploads\/2020\/02\/cortemerina-foto1-home.jpg 1200w, https:\/\/www.cortemerina.it\/wp-content\/uploads\/2020\/02\/cortemerina-foto1-home-300x225.jpg 300w, https:\/\/www.cortemerina.it\/wp-content\/uploads\/2020\/02\/cortemerina-foto1-home-1024x768.jpg 1024w, https:\/\/www.cortemerina.it\/wp-content\/uploads\/2020\/02\/cortemerina-foto1-home-768x576.jpg 768w\" sizes=\"(max-width: 1200px) 100vw, 1200px\" \/><div class=\"wp-block-cover__inner-container is-layout-flow wp-block-cover-is-layout-flow\">\n<div style=\"height:20px\" aria-hidden=\"true\" class=\"wp-block-spacer\"><\/div>\n\n\n\n<div class=\"wp-block-columns is-layout-flex wp-container-core-columns-is-layout-1 wp-block-columns-is-layout-flex\">\n<div class=\"wp-block-column is-layout-flow wp-block-column-is-layout-flow\" style=\"flex-basis:84.5%\">\n<p class=\"animated slideInLeft has-verdone-color has-text-color\" style=\"font-size:34px\"><strong><span class=\"has-inline-color has-verdone-color\">Unterkunft im Bauernhof<\/span><\/strong><\/p>\n<\/div>\n\n\n\n<div class=\"wp-block-column is-layout-flow wp-block-column-is-layout-flow\" style=\"flex-basis:50%\">\n<p class=\"has-text-align-right\"><img loading=\"lazy\" decoding=\"async\" width=\"100\" height=\"100\" class=\"wp-image-222\" src=\"https:\/\/www.cortemerina.it\/wp-content\/uploads\/2020\/02\/ico-pernottamento-bordo.png\" alt=\"\" style=\"width: 100px;\" srcset=\"https:\/\/www.cortemerina.it\/wp-content\/uploads\/2020\/02\/ico-pernottamento-bordo.png 170w, https:\/\/www.cortemerina.it\/wp-content\/uploads\/2020\/02\/ico-pernottamento-bordo-150x150.png 150w\" sizes=\"(max-width: 100px) 100vw, 100px\" \/><img loading=\"lazy\" decoding=\"async\" width=\"100\" height=\"100\" class=\"wp-image-210\" src=\"https:\/\/www.cortemerina.it\/wp-content\/uploads\/2020\/02\/ico-agricampeggio-bordo.png\" alt=\"\" style=\"width: 100px;\" srcset=\"https:\/\/www.cortemerina.it\/wp-content\/uploads\/2020\/02\/ico-agricampeggio-bordo.png 170w, https:\/\/www.cortemerina.it\/wp-content\/uploads\/2020\/02\/ico-agricampeggio-bordo-150x150.png 150w\" sizes=\"(max-width: 100px) 100vw, 100px\" \/><\/p>\n<\/div>\n<\/div>\n\n\n\n<h3 class=\"wp-block-heading animated zoomIn has-text-color\" style=\"color:#000000\"><strong><em>Urige Unterbringung, f\u00fcr Ferien in Kontakt mit der Natur<\/em><\/strong><br><br><\/h3>\n\n\n\n<p class=\"has-text-color\" style=\"color:#000000\">Wir begr\u00fc\u00dfen Sie in einem Landhaus aus dem Jahr 1920 &#8211; renoviert, jedoch die originalen Charakteristiken bewahrend, mit Steinmauern und Holzdach, wie die Tradition des Ortes es vorsieht. Nichts mit Whirlpool oder Wellness, jedoch ruhig, urig und gem\u00fctlich.<br>Vor dem Bauernhof befindet sich eine Au\u00dfenterrasse mit Tischen, auf der Sie warme und kalte Gerichte genie\u00dfen und das Panorama des Tals bewundern k\u00f6nnen.<br><br><br><br><\/p>\n\n\n\n<figure class=\"wp-block-gallery has-nested-images columns-3 is-cropped animated fadeInUp wp-block-gallery-1 is-layout-flex wp-block-gallery-is-layout-flex\">\n<figure class=\"wp-block-image size-large\"><a href=\"https:\/\/www.cortemerina.it\/wp-content\/uploads\/2020\/02\/cortemerina-ospitalita-foto1.jpg\"><img loading=\"lazy\" decoding=\"async\" width=\"1024\" height=\"768\" src=\"https:\/\/www.cortemerina.it\/wp-content\/uploads\/2020\/02\/cortemerina-ospitalita-foto1-1024x768.jpg\" alt=\"\" class=\"wp-image-243\" srcset=\"https:\/\/www.cortemerina.it\/wp-content\/uploads\/2020\/02\/cortemerina-ospitalita-foto1-1024x768.jpg 1024w, https:\/\/www.cortemerina.it\/wp-content\/uploads\/2020\/02\/cortemerina-ospitalita-foto1-300x225.jpg 300w, https:\/\/www.cortemerina.it\/wp-content\/uploads\/2020\/02\/cortemerina-ospitalita-foto1-768x576.jpg 768w, https:\/\/www.cortemerina.it\/wp-content\/uploads\/2020\/02\/cortemerina-ospitalita-foto1.jpg 1200w\" sizes=\"(max-width: 1024px) 100vw, 1024px\" \/><\/a><\/figure>\n\n\n\n<figure class=\"wp-block-image size-large\"><a href=\"https:\/\/www.cortemerina.it\/wp-content\/uploads\/2020\/02\/cortemerina-ospitalita-foto2.jpg\"><img loading=\"lazy\" decoding=\"async\" width=\"1024\" height=\"768\" src=\"https:\/\/www.cortemerina.it\/wp-content\/uploads\/2020\/02\/cortemerina-ospitalita-foto2-1024x768.jpg\" alt=\"\" class=\"wp-image-247\" srcset=\"https:\/\/www.cortemerina.it\/wp-content\/uploads\/2020\/02\/cortemerina-ospitalita-foto2-1024x768.jpg 1024w, https:\/\/www.cortemerina.it\/wp-content\/uploads\/2020\/02\/cortemerina-ospitalita-foto2-300x225.jpg 300w, https:\/\/www.cortemerina.it\/wp-content\/uploads\/2020\/02\/cortemerina-ospitalita-foto2-768x576.jpg 768w, https:\/\/www.cortemerina.it\/wp-content\/uploads\/2020\/02\/cortemerina-ospitalita-foto2.jpg 1200w\" sizes=\"(max-width: 1024px) 100vw, 1024px\" \/><\/a><\/figure>\n\n\n\n<figure class=\"wp-block-image size-large\"><a href=\"https:\/\/www.cortemerina.it\/wp-content\/uploads\/2020\/02\/cortemerina-ospitalita-foto6.jpg\"><img loading=\"lazy\" decoding=\"async\" width=\"1024\" height=\"768\" src=\"https:\/\/www.cortemerina.it\/wp-content\/uploads\/2020\/02\/cortemerina-ospitalita-foto6-1024x768.jpg\" alt=\"\" class=\"wp-image-264\" srcset=\"https:\/\/www.cortemerina.it\/wp-content\/uploads\/2020\/02\/cortemerina-ospitalita-foto6-1024x768.jpg 1024w, https:\/\/www.cortemerina.it\/wp-content\/uploads\/2020\/02\/cortemerina-ospitalita-foto6-300x225.jpg 300w, https:\/\/www.cortemerina.it\/wp-content\/uploads\/2020\/02\/cortemerina-ospitalita-foto6-768x576.jpg 768w, https:\/\/www.cortemerina.it\/wp-content\/uploads\/2020\/02\/cortemerina-ospitalita-foto6.jpg 1200w\" sizes=\"(max-width: 1024px) 100vw, 1024px\" \/><\/a><\/figure>\n\n\n\n<figure class=\"wp-block-image size-large\"><a href=\"https:\/\/www.cortemerina.it\/wp-content\/uploads\/2020\/03\/cortemerina-cucina-3.jpg\"><img loading=\"lazy\" decoding=\"async\" width=\"1024\" height=\"768\" src=\"https:\/\/www.cortemerina.it\/wp-content\/uploads\/2020\/03\/cortemerina-cucina-3-1024x768.jpg\" alt=\"\" class=\"wp-image-887\" srcset=\"https:\/\/www.cortemerina.it\/wp-content\/uploads\/2020\/03\/cortemerina-cucina-3-1024x768.jpg 1024w, https:\/\/www.cortemerina.it\/wp-content\/uploads\/2020\/03\/cortemerina-cucina-3-300x225.jpg 300w, https:\/\/www.cortemerina.it\/wp-content\/uploads\/2020\/03\/cortemerina-cucina-3-768x576.jpg 768w, https:\/\/www.cortemerina.it\/wp-content\/uploads\/2020\/03\/cortemerina-cucina-3.jpg 1200w\" sizes=\"(max-width: 1024px) 100vw, 1024px\" \/><\/a><\/figure>\n\n\n\n<figure class=\"wp-block-image size-full\"><a href=\"https:\/\/www.cortemerina.it\/wp-content\/uploads\/2024\/04\/salette-agriturismo9.jpg\"><img loading=\"lazy\" decoding=\"async\" width=\"709\" height=\"531\" src=\"https:\/\/www.cortemerina.it\/wp-content\/uploads\/2024\/04\/salette-agriturismo9.jpg\" alt=\"\" class=\"wp-image-5077\" srcset=\"https:\/\/www.cortemerina.it\/wp-content\/uploads\/2024\/04\/salette-agriturismo9.jpg 709w, https:\/\/www.cortemerina.it\/wp-content\/uploads\/2024\/04\/salette-agriturismo9-300x225.jpg 300w\" sizes=\"(max-width: 709px) 100vw, 709px\" \/><\/a><\/figure>\n\n\n\n<figure class=\"wp-block-image size-full\"><a href=\"https:\/\/www.cortemerina.it\/wp-content\/uploads\/2024\/04\/salette-agriturismo7.jpg\"><img loading=\"lazy\" decoding=\"async\" width=\"709\" height=\"531\" src=\"https:\/\/www.cortemerina.it\/wp-content\/uploads\/2024\/04\/salette-agriturismo7.jpg\" alt=\"\" class=\"wp-image-5068\" srcset=\"https:\/\/www.cortemerina.it\/wp-content\/uploads\/2024\/04\/salette-agriturismo7.jpg 709w, https:\/\/www.cortemerina.it\/wp-content\/uploads\/2024\/04\/salette-agriturismo7-300x225.jpg 300w\" sizes=\"(max-width: 709px) 100vw, 709px\" \/><\/a><\/figure>\n\n\n\n<figure class=\"wp-block-image size-large\"><a href=\"https:\/\/www.cortemerina.it\/wp-content\/uploads\/2020\/05\/Agriesterno55.jpg\"><img loading=\"lazy\" decoding=\"async\" width=\"1024\" height=\"768\" src=\"https:\/\/www.cortemerina.it\/wp-content\/uploads\/2020\/05\/Agriesterno55-1024x768.jpg\" alt=\"\" class=\"wp-image-2079\" srcset=\"https:\/\/www.cortemerina.it\/wp-content\/uploads\/2020\/05\/Agriesterno55-1024x768.jpg 1024w, https:\/\/www.cortemerina.it\/wp-content\/uploads\/2020\/05\/Agriesterno55-300x225.jpg 300w, https:\/\/www.cortemerina.it\/wp-content\/uploads\/2020\/05\/Agriesterno55-768x576.jpg 768w, https:\/\/www.cortemerina.it\/wp-content\/uploads\/2020\/05\/Agriesterno55.jpg 1200w\" sizes=\"(max-width: 1024px) 100vw, 1024px\" \/><\/a><\/figure>\n\n\n\n<figure class=\"wp-block-image size-large\"><a href=\"https:\/\/www.cortemerina.it\/wp-content\/uploads\/2020\/04\/Agri-esterna2.jpg\"><img loading=\"lazy\" decoding=\"async\" width=\"984\" height=\"628\" src=\"https:\/\/www.cortemerina.it\/wp-content\/uploads\/2020\/04\/Agri-esterna2.jpg\" alt=\"\" class=\"wp-image-1721\" srcset=\"https:\/\/www.cortemerina.it\/wp-content\/uploads\/2020\/04\/Agri-esterna2.jpg 984w, https:\/\/www.cortemerina.it\/wp-content\/uploads\/2020\/04\/Agri-esterna2-300x191.jpg 300w, https:\/\/www.cortemerina.it\/wp-content\/uploads\/2020\/04\/Agri-esterna2-768x490.jpg 768w\" sizes=\"(max-width: 984px) 100vw, 984px\" \/><\/a><\/figure>\n<\/figure>\n\n\n\n<p class=\"has-text-align-center has-large-font-size\"><\/p>\n<\/div><\/div>\n\n\n\n<p><\/p>\n\n\n\n<div style=\"height:25px\" aria-hidden=\"true\" class=\"wp-block-spacer bg-verdone\"><\/div>\n\n\n\n<p class=\"has-text-align-center\">Sie k\u00f6nnen bei uns in k\u00fcrzlich renovierten Privatzimmern in der N\u00e4he des Bauernhauses, auf einem Campingplatz auf dem Bauernhof oder in einer kleinen H\u00fctte, die 5 Gehminuten entfernt auf einer kleinen Alm oberhalb des Bauernhauses liegt. <br><br>Der Campingplatz befindet sich auf zwei Terrassen vor dem Bauernhaus und bietet Platz f\u00fcr kleine Zelte und &#8230;.<br>NEU IN DIESEM JAHR! f\u00fcr Zwei-Personen-GLAMPING-Zelte mit bequemen Betten! In allen Unterk\u00fcnften besteht die M\u00f6glichkeit, Fr\u00fchst\u00fcck oder Halbpension in Anspruch zu nehmen Nachfolgend finden Sie die entsprechenden Seiten mit allen Preisen und Verf\u00fcgbarkeiten.<br><br><strong>Besuchen Sie die entsprechenden Seiten mit Informationen und Preisen<\/strong>:<br><br><\/p>\n\n\n\n<div class=\"wp-block-columns is-layout-flex wp-container-core-columns-is-layout-2 wp-block-columns-is-layout-flex\">\n<div class=\"wp-block-column is-layout-flow wp-block-column-is-layout-flow\">\n<div class=\"wp-block-buttons is-content-justification-center is-layout-flex wp-container-core-buttons-is-layout-1 wp-block-buttons-is-layout-flex\">\n<div class=\"wp-block-button\"><a class=\"wp-block-button__link has-arancio-background-color has-background wp-element-button\" href=\"https:\/\/www.cortemerina.it\/de\/camping-und-glamping\/\">AGRICAMPING UND GLAMPING<\/a><\/div>\n<\/div>\n<\/div>\n\n\n\n<div class=\"wp-block-column is-layout-flow wp-block-column-is-layout-flow\">\n<div class=\"wp-block-buttons is-content-justification-center is-layout-flex wp-container-core-buttons-is-layout-2 wp-block-buttons-is-layout-flex\">\n<div class=\"wp-block-button\"><a class=\"wp-block-button__link has-arancio-background-color has-background wp-element-button\" href=\"https:\/\/www.cortemerina.it\/de\/zimmer-und-hutte\/\">ZIMMER UND H\u00dcTTE<\/a><\/div>\n<\/div>\n<\/div>\n<\/div>\n\n\n\n<p class=\"has-nero-color has-text-color\" style=\"font-size:14px\"><\/p>\n\n\n\n<div class=\"wp-block-cover is-light\" style=\"min-height:296px;aspect-ratio:unset;\"><span aria-hidden=\"true\" class=\"wp-block-cover__background has-background-dim-100 has-background-dim\" style=\"background-color:#ffffff\"><\/span><div class=\"wp-block-cover__inner-container is-layout-flow wp-block-cover-is-layout-flow\">\n<div class=\"wp-block-columns has-background is-layout-flex wp-container-core-columns-is-layout-3 wp-block-columns-is-layout-flex\" style=\"background-color:#f5a631\">\n<div class=\"wp-block-column is-vertically-aligned-center is-layout-flow wp-block-column-is-layout-flow\">\n<h3 class=\"wp-block-heading has-text-align-right has-nero-color has-text-color\"><mark style=\"background-color:rgba(0, 0, 0, 0)\" class=\"has-inline-color has-nero-color\">F\u00fcr personalisierte Anfragen<\/mark><\/h3>\n<\/div>\n\n\n\n<div class=\"wp-block-column is-layout-flow wp-block-column-is-layout-flow\">\n<div class=\"wp-block-buttons is-layout-flex wp-block-buttons-is-layout-flex\">\n<div class=\"wp-block-button\"><a class=\"wp-block-button__link has-verdone-background-color has-background wp-element-button\" href=\"https:\/\/www.cortemerina.it\/de\/kontakt\/\" style=\"border-radius:15px\"><strong><span class=\"has-inline-color has-bianco-color\">KONTAKT<\/span><\/strong><\/a><\/div>\n<\/div>\n\n\n\n<p><\/p>\n<\/div>\n<\/div>\n\n\n\n<p><\/p>\n<\/div><\/div>\n\n\n\n<div class=\"wp-block-cover is-light has-parallax\"><span aria-hidden=\"true\" class=\"wp-block-cover__background has-background-dim-30 has-background-dim\"><\/span><div class=\"wp-block-cover__image-background wp-image-366 has-parallax\" style=\"background-position:50% 50%;background-image:url(https:\/\/www.cortemerina.it\/wp-content\/uploads\/2020\/02\/cortemerina-paesaggio8.jpg)\"><\/div><div class=\"wp-block-cover__inner-container is-layout-flow wp-block-cover-is-layout-flow\">\n<div style=\"height:25px\" aria-hidden=\"true\" class=\"wp-block-spacer\"><\/div>\n\n\n\n<h1 class=\"wp-block-heading has-text-align-center animated zoomIn\"><br><strong><mark style=\"background-color:rgba(0, 0, 0, 0);color:#f9f9f9\" class=\"has-inline-color\">Nachhaltiger Tourismus<\/mark><\/strong><\/h1>\n\n\n\n<p class=\"has-text-align-center has-bianco-color has-text-color\"><strong>Zu uns gelangen Sie nur zu Fu\u00df! Fuer einige mag das unkonfortabel erscheinen, fuer uns jedoch ist dies selbstverstaendlich in einem geschuetzten Naturgebiet und als Teil unseres Betriebs, der sich um Nachhaltigkeit bemueht. Daher nutzen wir beispielsweise auch nur \u00f6kologische Seife, betreiben Muelltrennung, nur so viel Beleuchtung wie n\u00f6tig, Heizung mit Holzbrennstoff und somit erneuerbaren, lokalen Energien. Wasser, das aus dem Bergquell kommt,\u2026 Kleine Massnahmen, die fuer uns von grosser Wichtigkeit sind und Ihren Urlaub nicht beeintraechtigen<\/strong><br><strong><br><\/strong><br><br><\/p>\n\n\n\n<p class=\"has-text-align-center\" style=\"font-size:14px\"><mark style=\"background-color:rgba(0, 0, 0, 0);color:#fafafa\" class=\"has-inline-color\"><strong>Die Europ\u00e4ische Charta f\u00fcr Nachhaltigen Tourismus in Schutzgebieten (CETS), die von der Europarc, (einer Organisation, die 400 Schutzgebiete in 35 europ\u00e4ischen L\u00e4ndern koordiniert) an Parks vergeben wird, setzt sich ein fuer die St\u00e4rkung des Bewusstseins und Unterst\u00fctzung der Europ\u00e4ischen Schutzgebiete; und ausserdem fuer die Verbesserung der nachhaltigen Entwicklung und des Managements des Tourismus in den Schutzgebieten, so auch unseres.<br><\/strong><br><\/mark><\/p>\n\n\n<div class=\"wp-block-image\">\n<figure class=\"aligncenter is-resized\"><a href=\"https:\/\/www.europarc.org\/sustainable-tourism\/\" target=\"_blank\" rel=\"noopener noreferrer\"><img loading=\"lazy\" decoding=\"async\" width=\"422\" height=\"183\" src=\"https:\/\/www.cortemerina.it\/wp-content\/uploads\/2020\/02\/logo-europarc.jpg\" alt=\"\" class=\"wp-image-397\" style=\"width:197px;height:85px\" srcset=\"https:\/\/www.cortemerina.it\/wp-content\/uploads\/2020\/02\/logo-europarc.jpg 422w, https:\/\/www.cortemerina.it\/wp-content\/uploads\/2020\/02\/logo-europarc-300x130.jpg 300w\" sizes=\"(max-width: 422px) 100vw, 422px\" \/><\/a><\/figure><\/div>\n\n\n<p class=\"has-text-align-center has-bianco-color has-text-color\"><br>Siek\u00f6nnen bei uns miterleben, wie man einen Bauernhof f\u00fchrt, k\u00f6nnen versuchen, selbst K\u00e4se zu machen, k\u00f6nnen zwischen den uralten Kastanienb\u00e4umen herumwandern und die Geschichte unseres Tals entdecken. <br>SEHEN SIE HIER DAS PROGRAMM<br><br><br><\/p>\n<\/div><\/div>\n","protected":false},"excerpt":{"rendered":"<p>Sie k\u00f6nnen bei uns in k\u00fcrzlich renovierten Privatzimmern in der N\u00e4he des Bauernhauses, auf einem Campingplatz auf dem Bauernhof oder in einer kleinen H\u00fctte, die 5 Gehminuten entfernt auf einer kleinen Alm oberhalb des Bauernhauses liegt. Der Campingplatz befindet sich auf zwei Terrassen vor dem Bauernhaus und bietet Platz f\u00fcr kleine Zelte und &#8230;.NEU IN [&hellip;]<\/p>\n","protected":false},"author":1,"featured_media":259,"parent":0,"menu_order":0,"comment_status":"closed","ping_status":"closed","template":"","meta":{"_acf_changed":false,"footnotes":""},"acf":{"photo_gallery":{"gallery_custom_1":[[]],"gallery_custom_2":[[],[]],"gallery_custom_3":[[],[],[]],"gallery_custom_4":[[],[],[],[]],"gallery_custom_5":[[],[],[],[],[]],"background_image_gallery":[[],[],[],[],[],[{"id":1852,"title":"tutta valgrande orizz","caption":"","full_image_url":"https:\/\/www.cortemerina.it\/wp-content\/uploads\/2020\/04\/tutta-valgrande-orizz-1.jpg","thumbnail_image_url":"https:\/\/www.cortemerina.it\/wp-content\/uploads\/2020\/04\/tutta-valgrande-orizz-1-150x150.jpg","large_srcset":"https:\/\/www.cortemerina.it\/wp-content\/uploads\/2020\/04\/tutta-valgrande-orizz-1-1024x498.jpg 1024w, https:\/\/www.cortemerina.it\/wp-content\/uploads\/2020\/04\/tutta-valgrande-orizz-1-300x146.jpg 300w, https:\/\/www.cortemerina.it\/wp-content\/uploads\/2020\/04\/tutta-valgrande-orizz-1-768x374.jpg 768w, https:\/\/www.cortemerina.it\/wp-content\/uploads\/2020\/04\/tutta-valgrande-orizz-1.jpg 1200w","medium_srcset":"https:\/\/www.cortemerina.it\/wp-content\/uploads\/2020\/04\/tutta-valgrande-orizz-1-300x146.jpg 300w, https:\/\/www.cortemerina.it\/wp-content\/uploads\/2020\/04\/tutta-valgrande-orizz-1-1024x498.jpg 1024w, https:\/\/www.cortemerina.it\/wp-content\/uploads\/2020\/04\/tutta-valgrande-orizz-1-768x374.jpg 768w, https:\/\/www.cortemerina.it\/wp-content\/uploads\/2020\/04\/tutta-valgrande-orizz-1.jpg 1200w","media_details":{"width":1200,"height":584,"sizes":{"medium":{"file":"tutta-valgrande-orizz-1-300x146.jpg","width":300,"height":146,"mime-type":"image\/jpeg","source_url":"https:\/\/www.cortemerina.it\/wp-content\/uploads\/2020\/04\/tutta-valgrande-orizz-1-300x146.jpg"},"large":{"file":"tutta-valgrande-orizz-1-1024x498.jpg","width":1024,"height":498,"mime-type":"image\/jpeg","source_url":"https:\/\/www.cortemerina.it\/wp-content\/uploads\/2020\/04\/tutta-valgrande-orizz-1-1024x498.jpg"},"thumbnail":{"file":"tutta-valgrande-orizz-1-150x150.jpg","width":150,"height":150,"mime-type":"image\/jpeg","source_url":"https:\/\/www.cortemerina.it\/wp-content\/uploads\/2020\/04\/tutta-valgrande-orizz-1-150x150.jpg"},"medium_large":{"file":"tutta-valgrande-orizz-1-768x374.jpg","width":768,"height":374,"mime-type":"image\/jpeg","source_url":"https:\/\/www.cortemerina.it\/wp-content\/uploads\/2020\/04\/tutta-valgrande-orizz-1-768x374.jpg"}}},"alt_text":"","url":"","target":""}]]}},"yoast_head":"<!-- This site is optimized with the Yoast SEO plugin v22.8 - https:\/\/yoast.com\/wordpress\/plugins\/seo\/ -->\n<title>UNTERKUNFT IM BAUERNHOF - Corte Merina<\/title>\n<meta name=\"description\" content=\"Vor dem Bauernhof befindet sich eine Au\u00dfenterrasse mit Tischen, auf der Sie warme und kalte Gerichte genie\u00dfen und das Panorama des Tals bewundern k\u00f6nnen.\" \/>\n<meta name=\"robots\" content=\"index, follow, max-snippet:-1, max-image-preview:large, max-video-preview:-1\" \/>\n<link rel=\"canonical\" href=\"https:\/\/www.cortemerina.it\/de\/unterkunft-im-bauernhof\/\" \/>\n<meta property=\"og:locale\" content=\"de_DE\" \/>\n<meta property=\"og:type\" content=\"article\" \/>\n<meta property=\"og:title\" content=\"UNTERKUNFT IM BAUERNHOF - Corte Merina\" \/>\n<meta property=\"og:description\" content=\"Vor dem Bauernhof befindet sich eine Au\u00dfenterrasse mit Tischen, auf der Sie warme und kalte Gerichte genie\u00dfen und das Panorama des Tals bewundern k\u00f6nnen.\" \/>\n<meta property=\"og:url\" content=\"https:\/\/www.cortemerina.it\/de\/unterkunft-im-bauernhof\/\" \/>\n<meta property=\"og:site_name\" content=\"Corte Merina\" \/>\n<meta property=\"article:publisher\" content=\"https:\/\/www.facebook.com\/cortemerina\/\" \/>\n<meta property=\"article:modified_time\" content=\"2024-05-24T17:16:28+00:00\" \/>\n<meta property=\"og:image\" content=\"https:\/\/www.cortemerina.it\/wp-content\/uploads\/2020\/02\/cortemerina-ospitalita-foto5.jpg\" \/>\n\t<meta property=\"og:image:width\" content=\"1200\" \/>\n\t<meta property=\"og:image:height\" content=\"900\" \/>\n\t<meta property=\"og:image:type\" content=\"image\/jpeg\" \/>\n<meta name=\"twitter:card\" content=\"summary_large_image\" \/>\n<meta name=\"twitter:label1\" content=\"Gesch\u00e4tzte Lesezeit\" \/>\n\t<meta name=\"twitter:data1\" content=\"5\u00a0Minuten\" \/>\n<script type=\"application\/ld+json\" class=\"yoast-schema-graph\">{\"@context\":\"https:\/\/schema.org\",\"@graph\":[{\"@type\":\"WebPage\",\"@id\":\"https:\/\/www.cortemerina.it\/de\/unterkunft-im-bauernhof\/\",\"url\":\"https:\/\/www.cortemerina.it\/de\/unterkunft-im-bauernhof\/\",\"name\":\"UNTERKUNFT IM BAUERNHOF - Corte Merina\",\"isPartOf\":{\"@id\":\"https:\/\/www.cortemerina.it\/#website\"},\"primaryImageOfPage\":{\"@id\":\"https:\/\/www.cortemerina.it\/de\/unterkunft-im-bauernhof\/#primaryimage\"},\"image\":{\"@id\":\"https:\/\/www.cortemerina.it\/de\/unterkunft-im-bauernhof\/#primaryimage\"},\"thumbnailUrl\":\"https:\/\/www.cortemerina.it\/wp-content\/uploads\/2020\/02\/cortemerina-ospitalita-foto5.jpg\",\"datePublished\":\"2020-04-19T20:18:42+00:00\",\"dateModified\":\"2024-05-24T17:16:28+00:00\",\"description\":\"Vor dem Bauernhof befindet sich eine Au\u00dfenterrasse mit Tischen, auf der Sie warme und kalte Gerichte genie\u00dfen und das Panorama des Tals bewundern k\u00f6nnen.\",\"breadcrumb\":{\"@id\":\"https:\/\/www.cortemerina.it\/de\/unterkunft-im-bauernhof\/#breadcrumb\"},\"inLanguage\":\"de\",\"potentialAction\":[{\"@type\":\"ReadAction\",\"target\":[\"https:\/\/www.cortemerina.it\/de\/unterkunft-im-bauernhof\/\"]}]},{\"@type\":\"ImageObject\",\"inLanguage\":\"de\",\"@id\":\"https:\/\/www.cortemerina.it\/de\/unterkunft-im-bauernhof\/#primaryimage\",\"url\":\"https:\/\/www.cortemerina.it\/wp-content\/uploads\/2020\/02\/cortemerina-ospitalita-foto5.jpg\",\"contentUrl\":\"https:\/\/www.cortemerina.it\/wp-content\/uploads\/2020\/02\/cortemerina-ospitalita-foto5.jpg\",\"width\":1200,\"height\":900},{\"@type\":\"BreadcrumbList\",\"@id\":\"https:\/\/www.cortemerina.it\/de\/unterkunft-im-bauernhof\/#breadcrumb\",\"itemListElement\":[{\"@type\":\"ListItem\",\"position\":1,\"name\":\"Home\",\"item\":\"https:\/\/www.cortemerina.it\/de\/\"},{\"@type\":\"ListItem\",\"position\":2,\"name\":\"UNTERKUNFT IM BAUERNHOF\"}]},{\"@type\":\"WebSite\",\"@id\":\"https:\/\/www.cortemerina.it\/#website\",\"url\":\"https:\/\/www.cortemerina.it\/\",\"name\":\"Corte Merina\",\"description\":\"Azienda agricola - localit\u00e0 Merina - frazione Cicogna - Cossogno - Verbania\",\"publisher\":{\"@id\":\"https:\/\/www.cortemerina.it\/#organization\"},\"potentialAction\":[{\"@type\":\"SearchAction\",\"target\":{\"@type\":\"EntryPoint\",\"urlTemplate\":\"https:\/\/www.cortemerina.it\/?s={search_term_string}\"},\"query-input\":\"required name=search_term_string\"}],\"inLanguage\":\"de\"},{\"@type\":\"Organization\",\"@id\":\"https:\/\/www.cortemerina.it\/#organization\",\"name\":\"Corte Merina\",\"url\":\"https:\/\/www.cortemerina.it\/\",\"logo\":{\"@type\":\"ImageObject\",\"inLanguage\":\"de\",\"@id\":\"https:\/\/www.cortemerina.it\/#\/schema\/logo\/image\/\",\"url\":\"https:\/\/www.cortemerina.it\/wp-content\/uploads\/2020\/02\/logo-cortemerina-txt.png\",\"contentUrl\":\"https:\/\/www.cortemerina.it\/wp-content\/uploads\/2020\/02\/logo-cortemerina-txt.png\",\"width\":458,\"height\":174,\"caption\":\"Corte Merina\"},\"image\":{\"@id\":\"https:\/\/www.cortemerina.it\/#\/schema\/logo\/image\/\"},\"sameAs\":[\"https:\/\/www.facebook.com\/cortemerina\/\"]}]}<\/script>\n<!-- \/ Yoast SEO plugin. -->","yoast_head_json":{"title":"UNTERKUNFT IM BAUERNHOF - Corte Merina","description":"Vor dem Bauernhof befindet sich eine Au\u00dfenterrasse mit Tischen, auf der Sie warme und kalte Gerichte genie\u00dfen und das Panorama des Tals bewundern k\u00f6nnen.","robots":{"index":"index","follow":"follow","max-snippet":"max-snippet:-1","max-image-preview":"max-image-preview:large","max-video-preview":"max-video-preview:-1"},"canonical":"https:\/\/www.cortemerina.it\/de\/unterkunft-im-bauernhof\/","og_locale":"de_DE","og_type":"article","og_title":"UNTERKUNFT IM BAUERNHOF - Corte Merina","og_description":"Vor dem Bauernhof befindet sich eine Au\u00dfenterrasse mit Tischen, auf der Sie warme und kalte Gerichte genie\u00dfen und das Panorama des Tals bewundern k\u00f6nnen.","og_url":"https:\/\/www.cortemerina.it\/de\/unterkunft-im-bauernhof\/","og_site_name":"Corte Merina","article_publisher":"https:\/\/www.facebook.com\/cortemerina\/","article_modified_time":"2024-05-24T17:16:28+00:00","og_image":[{"width":1200,"height":900,"url":"https:\/\/www.cortemerina.it\/wp-content\/uploads\/2020\/02\/cortemerina-ospitalita-foto5.jpg","type":"image\/jpeg"}],"twitter_card":"summary_large_image","twitter_misc":{"Gesch\u00e4tzte Lesezeit":"5\u00a0Minuten"},"schema":{"@context":"https:\/\/schema.org","@graph":[{"@type":"WebPage","@id":"https:\/\/www.cortemerina.it\/de\/unterkunft-im-bauernhof\/","url":"https:\/\/www.cortemerina.it\/de\/unterkunft-im-bauernhof\/","name":"UNTERKUNFT IM BAUERNHOF - Corte Merina","isPartOf":{"@id":"https:\/\/www.cortemerina.it\/#website"},"primaryImageOfPage":{"@id":"https:\/\/www.cortemerina.it\/de\/unterkunft-im-bauernhof\/#primaryimage"},"image":{"@id":"https:\/\/www.cortemerina.it\/de\/unterkunft-im-bauernhof\/#primaryimage"},"thumbnailUrl":"https:\/\/www.cortemerina.it\/wp-content\/uploads\/2020\/02\/cortemerina-ospitalita-foto5.jpg","datePublished":"2020-04-19T20:18:42+00:00","dateModified":"2024-05-24T17:16:28+00:00","description":"Vor dem Bauernhof befindet sich eine Au\u00dfenterrasse mit Tischen, auf der Sie warme und kalte Gerichte genie\u00dfen und das Panorama des Tals bewundern k\u00f6nnen.","breadcrumb":{"@id":"https:\/\/www.cortemerina.it\/de\/unterkunft-im-bauernhof\/#breadcrumb"},"inLanguage":"de","potentialAction":[{"@type":"ReadAction","target":["https:\/\/www.cortemerina.it\/de\/unterkunft-im-bauernhof\/"]}]},{"@type":"ImageObject","inLanguage":"de","@id":"https:\/\/www.cortemerina.it\/de\/unterkunft-im-bauernhof\/#primaryimage","url":"https:\/\/www.cortemerina.it\/wp-content\/uploads\/2020\/02\/cortemerina-ospitalita-foto5.jpg","contentUrl":"https:\/\/www.cortemerina.it\/wp-content\/uploads\/2020\/02\/cortemerina-ospitalita-foto5.jpg","width":1200,"height":900},{"@type":"BreadcrumbList","@id":"https:\/\/www.cortemerina.it\/de\/unterkunft-im-bauernhof\/#breadcrumb","itemListElement":[{"@type":"ListItem","position":1,"name":"Home","item":"https:\/\/www.cortemerina.it\/de\/"},{"@type":"ListItem","position":2,"name":"UNTERKUNFT IM BAUERNHOF"}]},{"@type":"WebSite","@id":"https:\/\/www.cortemerina.it\/#website","url":"https:\/\/www.cortemerina.it\/","name":"Corte Merina","description":"Azienda agricola - localit\u00e0 Merina - frazione Cicogna - Cossogno - Verbania","publisher":{"@id":"https:\/\/www.cortemerina.it\/#organization"},"potentialAction":[{"@type":"SearchAction","target":{"@type":"EntryPoint","urlTemplate":"https:\/\/www.cortemerina.it\/?s={search_term_string}"},"query-input":"required name=search_term_string"}],"inLanguage":"de"},{"@type":"Organization","@id":"https:\/\/www.cortemerina.it\/#organization","name":"Corte Merina","url":"https:\/\/www.cortemerina.it\/","logo":{"@type":"ImageObject","inLanguage":"de","@id":"https:\/\/www.cortemerina.it\/#\/schema\/logo\/image\/","url":"https:\/\/www.cortemerina.it\/wp-content\/uploads\/2020\/02\/logo-cortemerina-txt.png","contentUrl":"https:\/\/www.cortemerina.it\/wp-content\/uploads\/2020\/02\/logo-cortemerina-txt.png","width":458,"height":174,"caption":"Corte Merina"},"image":{"@id":"https:\/\/www.cortemerina.it\/#\/schema\/logo\/image\/"},"sameAs":["https:\/\/www.facebook.com\/cortemerina\/"]}]}},"_links":{"self":[{"href":"https:\/\/www.cortemerina.it\/de\/wp-json\/wp\/v2\/pages\/1322"}],"collection":[{"href":"https:\/\/www.cortemerina.it\/de\/wp-json\/wp\/v2\/pages"}],"about":[{"href":"https:\/\/www.cortemerina.it\/de\/wp-json\/wp\/v2\/types\/page"}],"author":[{"embeddable":true,"href":"https:\/\/www.cortemerina.it\/de\/wp-json\/wp\/v2\/users\/1"}],"replies":[{"embeddable":true,"href":"https:\/\/www.cortemerina.it\/de\/wp-json\/wp\/v2\/comments?post=1322"}],"version-history":[{"count":17,"href":"https:\/\/www.cortemerina.it\/de\/wp-json\/wp\/v2\/pages\/1322\/revisions"}],"predecessor-version":[{"id":5531,"href":"https:\/\/www.cortemerina.it\/de\/wp-json\/wp\/v2\/pages\/1322\/revisions\/5531"}],"wp:featuredmedia":[{"embeddable":true,"href":"https:\/\/www.cortemerina.it\/de\/wp-json\/wp\/v2\/media\/259"}],"wp:attachment":[{"href":"https:\/\/www.cortemerina.it\/de\/wp-json\/wp\/v2\/media?parent=1322"}],"curies":[{"name":"wp","href":"https:\/\/api.w.org\/{rel}","templated":true}]}}